{"id":6,"date":"2018-05-14T12:03:31","date_gmt":"2018-05-14T12:03:31","guid":{"rendered":"http:\/\/localhost\/ciya-shop-barber-shop-sample-data\/?page_id=6"},"modified":"2021-07-23T21:57:21","modified_gmt":"2021-07-23T21:57:21","slug":"home","status":"publish","type":"page","link":"https:\/\/saboribericofuengirola.es\/","title":{"rendered":"Inicio"},"content":{"rendered":"<p>[vc_row pgscore_enable_responsive_settings=&#8221;true&#8221; el_id=&#8221;1524484134078-b1a31b43-e3e7&#8243; css=&#8221;.vc_custom_1528455277034{padding-bottom: 80px !important;}&#8221; element_css_md=&#8221;.vc_custom_1528455277036{padding-bottom: 60px !important;}&#8221; element_css_sm=&#8221;.vc_custom_1528455277037{padding-bottom: 50px !important;}&#8221; element_css_xs=&#8221;.vc_custom_1528455277039{padding-bottom: 40px !important;}&#8221;][vc_column el_id=&#8221;1620921538589-88363e54-1461&#8243;][rev_slider_vc alias=&#8221;barber-slider&#8221;][\/vc_column][\/vc_row][vc_row equal_height=&#8221;yes&#8221; pgscore_enable_responsive_settings=&#8221;true&#8221; el_id=&#8221;1524548527099-ed0530a0-d913&#8243; css=&#8221;.vc_custom_1528455338792{margin-bottom: 40px !important;}&#8221; element_css_md=&#8221;.vc_custom_1528455338794{margin-bottom: 20px !important;}&#8221; element_css_sm=&#8221;.vc_custom_1528455338795{margin-bottom: 10px !important;}&#8221; element_css_xs=&#8221;.vc_custom_1528455338796{margin-bottom: 0px !important;}&#8221;][vc_column css=&#8221;.vc_custom_1524573776546{margin-bottom: 40px !important;}&#8221; offset=&#8221;vc_col-lg-4 vc_col-md-4&#8243; el_id=&#8221;1620921538679-8bc85307-abfc&#8221;][vc_single_image image=&#8221;164&#8243; img_size=&#8221;full&#8221; alignment=&#8221;center&#8221;][\/vc_column][vc_column css=&#8221;.vc_custom_1524573788854{margin-bottom: 40px !important;}&#8221; offset=&#8221;vc_col-lg-4 vc_col-md-4&#8243; el_id=&#8221;1620921538769-6c447172-dc66&#8243;][vc_custom_heading text=&#8221;Productos Artersanales y Gourmet Ib\u00e9ricos&#8221; font_container=&#8221;tag:h2|text_align:center&#8221; use_theme_fonts=&#8221;yes&#8221; css=&#8221;.vc_custom_1620930403747{margin-bottom: 15px !important;}&#8221;][vc_column_text css=&#8221;.vc_custom_1620930481666{margin-bottom: 20px !important;}&#8221;]<\/p>\n<h5 style=\"color: #920a74; text-align: center;\">Delicias gourmet en Fuengirola, M\u00e1laga<\/h5>\n<p>[\/vc_column_text][vc_column_text css=&#8221;.vc_custom_1623730283470{margin-bottom: 20px !important;}&#8221;]<\/p>\n<p style=\"text-align: center;\">Nacimos con la idea de ofrecer a nuestros clientes los mejores jamones, paletas y embutidos ib\u00e9ricos.<\/p>\n<p>Por eso cuidamos minuciosamente la selecci\u00f3n de cada ib\u00e9rico, eligiendo productores que respetan la normativa vigente, mantienen una elaboraci\u00f3n artesanal y utilizan los \u00faltimos avances tecnol\u00f3gicos para elaborar sus productos.<\/p>\n<p>De esta manera garantizamos la autenticidad y calidad superior de cada jam\u00f3n, chorizo, salchich\u00f3n, lomo o paleta ib\u00e9rica que llega a cada uno de vosotros.[\/vc_column_text][\/vc_column][vc_column css=&#8221;.vc_custom_1524573799365{margin-bottom: 40px !important;}&#8221; offset=&#8221;vc_col-lg-4 vc_col-md-4&#8243; el_id=&#8221;1620921539192-620aea9f-1a97&#8243;][vc_single_image image=&#8221;177&#8243; img_size=&#8221;full&#8221; alignment=&#8221;center&#8221;][\/vc_column][\/vc_row][vc_row equal_height=&#8221;yes&#8221; content_placement=&#8221;middle&#8221; pgscore_enable_responsive_settings=&#8221;true&#8221; el_id=&#8221;1524486463551-dc71ccad-aa03&#8243;][vc_column offset=&#8221;vc_col-lg-6 vc_col-md-6&#8243; el_id=&#8221;1620921539316-25d2e89b-3c44&#8243;][vc_single_image image=&#8221;171&#8243; img_size=&#8221;full&#8221; onclick=&#8221;custom_link&#8221; link=&#8221;https:\/\/saboribericofuengirola.es\/categoria-producto\/jamones\/?v=4302a5f4ed53&#8243;][\/vc_column][vc_column css=&#8221;.vc_custom_1526478150430{padding-top: 30px !important;padding-bottom: 30px !important;padding-left: 15px !important;}&#8221; offset=&#8221;vc_col-lg-6 vc_col-md-6&#8243; el_id=&#8221;1620921539362-96a388fe-14f6&#8243;][vc_custom_heading text=&#8221;Ib\u00e9ricos&#8221; use_theme_fonts=&#8221;yes&#8221; css=&#8221;.vc_custom_1621449856368{margin-bottom: 15px !important;}&#8221;][vc_column_text]Sabor Ib\u00e9rico selecciona cuidadosamente las mejores piezas de los secaderos[\/vc_column_text]\t<div  class=\"pgscore_products_listing_wrapper pgscore_products_listing-1\"><!-- shortcode-base-wrapper -->\n\t\t<div class=\"products-listing-wrapper products-listing-type-carousel products-listing-without-intro\" data-intro=\"no\">\n\t<div class=\"products-listing-inner\">\n\t\t<div class=\"row\">\n\t\t\t\t\t\t<div class=\"col-xs-12 col-sm-12 col-md-12\">\n\t\t\t\t<div class=\"products-listing-main\">\n\t\t\t\t\t<div class=\"products-listing-main-inner\">\n\t\t\t\t\t\t<div class=\"products-listing-header\">\n\t<div class=\"products-listing-inner\">\n\t\t\t<\/div>\n<\/div>\n\t\t\t\t\t\t<div class=\"products-listing-content\">\n\t\t\t\t\t\t\t<div class=\"products-listing-content-inner\">\n\t\t\t\t\t\t\t\t<div class=\"products-listing-items-wrapper products-listing-carousel woocommerce\">\n\t\n\t\t<div class=\"woocommerce-notices-wrapper\"><\/div>\n\t\t\t\t<ul class=\"products products-loop row grid owl-carousel owl-theme owl-carousel-options\" data-owl_options=\"{&quot;items&quot;:3,&quot;responsive&quot;:{&quot;0&quot;:{&quot;items&quot;:1},&quot;576&quot;:{&quot;items&quot;:&quot;2&quot;},&quot;768&quot;:{&quot;items&quot;:&quot;2&quot;},&quot;992&quot;:{&quot;items&quot;:&quot;2&quot;},&quot;1200&quot;:{&quot;items&quot;:&quot;2&quot;}},&quot;margin&quot;:20,&quot;dots&quot;:false,&quot;nav&quot;:true,&quot;loop&quot;:true,&quot;autoplay&quot;:false,&quot;autoplayHoverPause&quot;:true,&quot;autoplayTimeout&quot;:3100,&quot;smartSpeed&quot;:1000,&quot;navText&quot;:[&quot;&lt;i class=\\&quot;fas fa-angle-left fa-2x\\&quot;&gt;&lt;\\\/i&gt;&quot;,&quot;&lt;i class=\\&quot;fas fa-angle-right fa-2x\\&quot;&gt;&lt;\\\/i&gt;&quot;],&quot;lazyLoad&quot;:true}\">\n\n\t\t\t\n\t\t\t\t\n\t\t\t\t<li class=\"product-hover-style-image-bottom product-hover-button-shape-square product-hover-button-style-flat product_title_type-single_line product_icon_type-line-icon product type-product post-564 status-publish first instock product_cat-jamones product_cat-productos-ibericos has-post-thumbnail taxable shipping-taxable purchasable product-type-simple\">\n\t\t<div class=\"product-inner\">\n\t\t<div class=\"product-thumbnail\">\n\t\t<div class=\"product-thumbnail-inner\">\n\t\t<a href=\"https:\/\/saboribericofuengirola.es\/?product=jamon-iberico-de-bellota-75-raza-iberica-don-jose-antonio\" rel=\"bookmark\">\n\t\t\t<div class=\"product-thumbnail-main\">\n\t\t\t<img loading=\"lazy\" decoding=\"async\" width=\"300\" height=\"300\" src=\"https:\/\/saboribericofuengirola.es\/wp-content\/uploads\/2023\/07\/JAMON-CEBO-CAMPO-DON-JOSE-ANTONIO-300x300.png\" class=\"attachment-woocommerce_thumbnail size-woocommerce_thumbnail\" alt=\"Jam\u00f3n cebo de campo ib\u00e9rico 75% raza ib\u00e9rico\" srcset=\"https:\/\/saboribericofuengirola.es\/wp-content\/uploads\/2023\/07\/JAMON-CEBO-CAMPO-DON-JOSE-ANTONIO-300x300.png 300w, https:\/\/saboribericofuengirola.es\/wp-content\/uploads\/2023\/07\/JAMON-CEBO-CAMPO-DON-JOSE-ANTONIO-150x150.png 150w, https:\/\/saboribericofuengirola.es\/wp-content\/uploads\/2023\/07\/JAMON-CEBO-CAMPO-DON-JOSE-ANTONIO-80x80.png 80w, https:\/\/saboribericofuengirola.es\/wp-content\/uploads\/2023\/07\/JAMON-CEBO-CAMPO-DON-JOSE-ANTONIO-100x100.png 100w, https:\/\/saboribericofuengirola.es\/wp-content\/uploads\/2023\/07\/JAMON-CEBO-CAMPO-DON-JOSE-ANTONIO-1536x1536.png 1536w, https:\/\/saboribericofuengirola.es\/wp-content\/uploads\/2023\/07\/JAMON-CEBO-CAMPO-DON-JOSE-ANTONIO-2048x2048.png 2048w, https:\/\/saboribericofuengirola.es\/wp-content\/uploads\/2023\/07\/JAMON-CEBO-CAMPO-DON-JOSE-ANTONIO-600x600.png 600w, https:\/\/saboribericofuengirola.es\/wp-content\/uploads\/2023\/07\/JAMON-CEBO-CAMPO-DON-JOSE-ANTONIO-768x768.png 768w, https:\/\/saboribericofuengirola.es\/wp-content\/uploads\/2023\/07\/JAMON-CEBO-CAMPO-DON-JOSE-ANTONIO-1024x1024.png 1024w\" sizes=\"auto, (max-width: 300px) 100vw, 300px\" \/>\t\t<\/div>\n\t\t\t\t<\/a>\n\t<\/div><!-- .product-thumbnail-inner -->\n\t\t<div class=\"product-actions\">\n\t\t<div class=\"product-actions-inner\">\n\t\t\t\t<\/div>\n\t<\/div>\n\t\t<\/div><!-- .product-thumbnail -->\n\t\t<div class=\"product-info\">\n\t\t\t<span class=\"ciyashop-product-category\">\n\t\t\t<a href=\"https:\/\/saboribericofuengirola.es\/?product_cat=jamones\">\n\t\t\t\tJamones\t\t\t<\/a>\n\t\t<\/span><!-- .product-category-name-->\n\t\t<div class=\"woocommerce-product-details__short-description\">\n\t<p><span style=\"font-family: Poppins, sans-serif;font-size: 14px\" data-mce-style=\"font-family: Poppins, sans-serif; font-size: 14px;\">Jam\u00f3n cebo de campo ib\u00e9rico 75% raza ib\u00e9rica. Seleccionados uno a uno con mucho cuidado nuestros jamones ib\u00e9ricos Sabor Ib\u00e9rico con mas de 36 meses de curaci\u00f3n. Procedentes de Guijuelo, Salamanca.<\/span><\/p>\n<\/div>\n\t<\/div><!-- .product-info -->\n\t\t<\/div><!-- .product-inner -->\n\t<\/li>\n\n\t\t\t\n\t\t\t\t\n\t\t\t\t<li class=\"product-hover-style-image-bottom product-hover-button-shape-square product-hover-button-style-flat product_title_type-single_line product_icon_type-line-icon product type-product post-315 status-publish instock product_cat-jamones product_cat-productos-ibericos has-post-thumbnail taxable shipping-taxable purchasable product-type-simple\">\n\t\t<div class=\"product-inner\">\n\t\t<div class=\"product-thumbnail\">\n\t\t<div class=\"product-thumbnail-inner\">\n\t\t<a href=\"https:\/\/saboribericofuengirola.es\/?product=jamon-iberico-de-cebo-50-raza-iberica-3\" rel=\"bookmark\">\n\t\t\t<div class=\"product-thumbnail-main\">\n\t\t\t<img loading=\"lazy\" decoding=\"async\" width=\"300\" height=\"300\" src=\"https:\/\/saboribericofuengirola.es\/wp-content\/uploads\/2021\/08\/IMG_75341-300x300.jpg\" class=\"attachment-woocommerce_thumbnail size-woocommerce_thumbnail\" alt=\"Jam\u00f3n de cebo ib\u00e9rico 50% raza ib\u00e9rico.\" srcset=\"https:\/\/saboribericofuengirola.es\/wp-content\/uploads\/2021\/08\/IMG_75341-300x300.jpg 300w, https:\/\/saboribericofuengirola.es\/wp-content\/uploads\/2021\/08\/IMG_75341-150x150.jpg 150w, https:\/\/saboribericofuengirola.es\/wp-content\/uploads\/2021\/08\/IMG_75341-80x80.jpg 80w, https:\/\/saboribericofuengirola.es\/wp-content\/uploads\/2021\/08\/IMG_75341-100x100.jpg 100w, https:\/\/saboribericofuengirola.es\/wp-content\/uploads\/2021\/08\/IMG_75341-1536x1536.jpg 1536w, https:\/\/saboribericofuengirola.es\/wp-content\/uploads\/2021\/08\/IMG_75341-2048x2048.jpg 2048w, https:\/\/saboribericofuengirola.es\/wp-content\/uploads\/2021\/08\/IMG_75341-1024x1024.jpg 1024w\" sizes=\"auto, (max-width: 300px) 100vw, 300px\" \/>\t\t<\/div>\n\t\t<div class=\"product-thumbnail-swap\"><img loading=\"lazy\" decoding=\"async\" width=\"300\" height=\"300\" src=\"https:\/\/saboribericofuengirola.es\/wp-content\/uploads\/2021\/08\/JGCJ34411-300x300.jpg\" class=\"attachment-woocommerce_thumbnail size-woocommerce_thumbnail\" alt=\"\" srcset=\"https:\/\/saboribericofuengirola.es\/wp-content\/uploads\/2021\/08\/JGCJ34411-300x300.jpg 300w, https:\/\/saboribericofuengirola.es\/wp-content\/uploads\/2021\/08\/JGCJ34411-150x150.jpg 150w, https:\/\/saboribericofuengirola.es\/wp-content\/uploads\/2021\/08\/JGCJ34411-80x80.jpg 80w, https:\/\/saboribericofuengirola.es\/wp-content\/uploads\/2021\/08\/JGCJ34411-100x100.jpg 100w, https:\/\/saboribericofuengirola.es\/wp-content\/uploads\/2021\/08\/JGCJ34411-1536x1536.jpg 1536w, https:\/\/saboribericofuengirola.es\/wp-content\/uploads\/2021\/08\/JGCJ34411-2048x2048.jpg 2048w\" sizes=\"auto, (max-width: 300px) 100vw, 300px\" \/><\/div>\t\t<\/a>\n\t<\/div><!-- .product-thumbnail-inner -->\n\t\t<div class=\"product-actions\">\n\t\t<div class=\"product-actions-inner\">\n\t\t\t\t<\/div>\n\t<\/div>\n\t\t<\/div><!-- .product-thumbnail -->\n\t\t<div class=\"product-info\">\n\t\t\t<span class=\"ciyashop-product-category\">\n\t\t\t<a href=\"https:\/\/saboribericofuengirola.es\/?product_cat=jamones\">\n\t\t\t\tJamones\t\t\t<\/a>\n\t\t<\/span><!-- .product-category-name-->\n\t\t<div class=\"woocommerce-product-details__short-description\">\n\t<p><span style=\"color: #969696;font-family: Poppins, sans-serif;font-size: 14px\" data-mce-style=\"color: #969696; font-family: Poppins, sans-serif; font-size: 14px;\">Jam\u00f3n de cebo ib\u00e9rico 50% raza ib\u00e9rico. Seleccionados uno a uno con mucho cuidado nuestros jamones ib\u00e9ricos Sabor Ib\u00e9rico con mas de 30 meses de curaci\u00f3n. Procedentes de Salamanca y Huelva.<\/span><\/p>\n<\/div>\n\t<\/div><!-- .product-info -->\n\t\t<\/div><!-- .product-inner -->\n\t<\/li>\n\n\t\t\t\n\t\t\t\t\n\t\t\t\t<li class=\"product-hover-style-image-bottom product-hover-button-shape-square product-hover-button-style-flat product_title_type-single_line product_icon_type-line-icon product type-product post-312 status-publish last instock product_cat-jamones product_cat-productos-ibericos has-post-thumbnail taxable shipping-taxable purchasable product-type-simple\">\n\t\t<div class=\"product-inner\">\n\t\t<div class=\"product-thumbnail\">\n\t\t<div class=\"product-thumbnail-inner\">\n\t\t<a href=\"https:\/\/saboribericofuengirola.es\/?product=jamon-iberico-de-cebo-de-campo-50-raza-iberica\" rel=\"bookmark\">\n\t\t\t<div class=\"product-thumbnail-main\">\n\t\t\t<img loading=\"lazy\" decoding=\"async\" width=\"300\" height=\"300\" src=\"https:\/\/saboribericofuengirola.es\/wp-content\/uploads\/2021\/08\/IMG_75361-300x300.jpg\" class=\"attachment-woocommerce_thumbnail size-woocommerce_thumbnail\" alt=\"Jam\u00f3n cebo de campo ib\u00e9rico 50% raza ib\u00e9rico.\" srcset=\"https:\/\/saboribericofuengirola.es\/wp-content\/uploads\/2021\/08\/IMG_75361-300x300.jpg 300w, https:\/\/saboribericofuengirola.es\/wp-content\/uploads\/2021\/08\/IMG_75361-150x150.jpg 150w, https:\/\/saboribericofuengirola.es\/wp-content\/uploads\/2021\/08\/IMG_75361-80x80.jpg 80w, https:\/\/saboribericofuengirola.es\/wp-content\/uploads\/2021\/08\/IMG_75361-100x100.jpg 100w, https:\/\/saboribericofuengirola.es\/wp-content\/uploads\/2021\/08\/IMG_75361-1536x1536.jpg 1536w, https:\/\/saboribericofuengirola.es\/wp-content\/uploads\/2021\/08\/IMG_75361-2048x2048.jpg 2048w, https:\/\/saboribericofuengirola.es\/wp-content\/uploads\/2021\/08\/IMG_75361-1024x1024.jpg 1024w\" sizes=\"auto, (max-width: 300px) 100vw, 300px\" \/>\t\t<\/div>\n\t\t<div class=\"product-thumbnail-swap\"><img loading=\"lazy\" decoding=\"async\" width=\"300\" height=\"300\" src=\"https:\/\/saboribericofuengirola.es\/wp-content\/uploads\/2023\/07\/JAMON-CEBO-CAMPO-DON-JOSE-ANTONIO-300x300.png\" class=\"attachment-woocommerce_thumbnail size-woocommerce_thumbnail\" alt=\"\" srcset=\"https:\/\/saboribericofuengirola.es\/wp-content\/uploads\/2023\/07\/JAMON-CEBO-CAMPO-DON-JOSE-ANTONIO-300x300.png 300w, https:\/\/saboribericofuengirola.es\/wp-content\/uploads\/2023\/07\/JAMON-CEBO-CAMPO-DON-JOSE-ANTONIO-150x150.png 150w, https:\/\/saboribericofuengirola.es\/wp-content\/uploads\/2023\/07\/JAMON-CEBO-CAMPO-DON-JOSE-ANTONIO-80x80.png 80w, https:\/\/saboribericofuengirola.es\/wp-content\/uploads\/2023\/07\/JAMON-CEBO-CAMPO-DON-JOSE-ANTONIO-100x100.png 100w, https:\/\/saboribericofuengirola.es\/wp-content\/uploads\/2023\/07\/JAMON-CEBO-CAMPO-DON-JOSE-ANTONIO-1536x1536.png 1536w, https:\/\/saboribericofuengirola.es\/wp-content\/uploads\/2023\/07\/JAMON-CEBO-CAMPO-DON-JOSE-ANTONIO-2048x2048.png 2048w, https:\/\/saboribericofuengirola.es\/wp-content\/uploads\/2023\/07\/JAMON-CEBO-CAMPO-DON-JOSE-ANTONIO-600x600.png 600w, https:\/\/saboribericofuengirola.es\/wp-content\/uploads\/2023\/07\/JAMON-CEBO-CAMPO-DON-JOSE-ANTONIO-768x768.png 768w, https:\/\/saboribericofuengirola.es\/wp-content\/uploads\/2023\/07\/JAMON-CEBO-CAMPO-DON-JOSE-ANTONIO-1024x1024.png 1024w\" sizes=\"auto, (max-width: 300px) 100vw, 300px\" \/><\/div>\t\t<\/a>\n\t<\/div><!-- .product-thumbnail-inner -->\n\t\t<div class=\"product-actions\">\n\t\t<div class=\"product-actions-inner\">\n\t\t\t\t<\/div>\n\t<\/div>\n\t\t<\/div><!-- .product-thumbnail -->\n\t\t<div class=\"product-info\">\n\t\t\t<span class=\"ciyashop-product-category\">\n\t\t\t<a href=\"https:\/\/saboribericofuengirola.es\/?product_cat=jamones\">\n\t\t\t\tJamones\t\t\t<\/a>\n\t\t<\/span><!-- .product-category-name-->\n\t\t<div class=\"woocommerce-product-details__short-description\">\n\t<p><span style=\"font-family: Poppins, sans-serif;font-size: 14px\" data-mce-style=\"font-family: Poppins, sans-serif; font-size: 14px;\">Jam\u00f3n de cebo de campo ib\u00e9rico 50% raza ib\u00e9rico.<\/span><span style=\"font-family: Poppins, sans-serif;font-size: 14px\" data-mce-style=\"font-family: Poppins, sans-serif; font-size: 14px;\"> Seleccionados uno a uno con mucho cuidado nuestros jamones ib\u00e9ricos Sabor Ib\u00e9rico con mas de 36 meses de curaci\u00f3n. Procedentes de Salamanca.<\/span><\/p>\n<\/div>\n\t<\/div><!-- .product-info -->\n\t\t<\/div><!-- .product-inner -->\n\t<\/li>\n\n\t\t\t\n\t\t\t\t\n\t\t\t\t<li class=\"product-hover-style-image-bottom product-hover-button-shape-square product-hover-button-style-flat product_title_type-single_line product_icon_type-line-icon product type-product post-310 status-publish first instock product_cat-jamones product_cat-productos-ibericos has-post-thumbnail taxable shipping-taxable purchasable product-type-simple\">\n\t\t<div class=\"product-inner\">\n\t\t<div class=\"product-thumbnail\">\n\t\t<div class=\"product-thumbnail-inner\">\n\t\t<a href=\"https:\/\/saboribericofuengirola.es\/?product=jamon-iberico-de-bellota-50-raza-iberica-2\" rel=\"bookmark\">\n\t\t\t<div class=\"product-thumbnail-main\">\n\t\t\t<img loading=\"lazy\" decoding=\"async\" width=\"300\" height=\"300\" src=\"https:\/\/saboribericofuengirola.es\/wp-content\/uploads\/2021\/08\/IMG_75351-300x300.jpg\" class=\"attachment-woocommerce_thumbnail size-woocommerce_thumbnail\" alt=\"Jam\u00f3n de Bellota ib\u00e9rico 50% raza Ib\u00e9rico\" srcset=\"https:\/\/saboribericofuengirola.es\/wp-content\/uploads\/2021\/08\/IMG_75351-300x300.jpg 300w, https:\/\/saboribericofuengirola.es\/wp-content\/uploads\/2021\/08\/IMG_75351-150x150.jpg 150w, https:\/\/saboribericofuengirola.es\/wp-content\/uploads\/2021\/08\/IMG_75351-80x80.jpg 80w, https:\/\/saboribericofuengirola.es\/wp-content\/uploads\/2021\/08\/IMG_75351-100x100.jpg 100w, https:\/\/saboribericofuengirola.es\/wp-content\/uploads\/2021\/08\/IMG_75351-1536x1536.jpg 1536w, https:\/\/saboribericofuengirola.es\/wp-content\/uploads\/2021\/08\/IMG_75351-2048x2048.jpg 2048w, https:\/\/saboribericofuengirola.es\/wp-content\/uploads\/2021\/08\/IMG_75351-1024x1024.jpg 1024w\" sizes=\"auto, (max-width: 300px) 100vw, 300px\" \/>\t\t<\/div>\n\t\t<div class=\"product-thumbnail-swap\"><img loading=\"lazy\" decoding=\"async\" width=\"300\" height=\"300\" src=\"https:\/\/saboribericofuengirola.es\/wp-content\/uploads\/2023\/07\/JAMON-BELLOTA-IBERICO-DON-JOSE-ANTONIO-200x300-1-300x300.png\" class=\"attachment-woocommerce_thumbnail size-woocommerce_thumbnail\" alt=\"\" srcset=\"https:\/\/saboribericofuengirola.es\/wp-content\/uploads\/2023\/07\/JAMON-BELLOTA-IBERICO-DON-JOSE-ANTONIO-200x300-1-300x300.png 300w, https:\/\/saboribericofuengirola.es\/wp-content\/uploads\/2023\/07\/JAMON-BELLOTA-IBERICO-DON-JOSE-ANTONIO-200x300-1-150x150.png 150w, https:\/\/saboribericofuengirola.es\/wp-content\/uploads\/2023\/07\/JAMON-BELLOTA-IBERICO-DON-JOSE-ANTONIO-200x300-1-80x80.png 80w, https:\/\/saboribericofuengirola.es\/wp-content\/uploads\/2023\/07\/JAMON-BELLOTA-IBERICO-DON-JOSE-ANTONIO-200x300-1-100x100.png 100w, https:\/\/saboribericofuengirola.es\/wp-content\/uploads\/2023\/07\/JAMON-BELLOTA-IBERICO-DON-JOSE-ANTONIO-200x300-1-1536x1536.png 1536w, https:\/\/saboribericofuengirola.es\/wp-content\/uploads\/2023\/07\/JAMON-BELLOTA-IBERICO-DON-JOSE-ANTONIO-200x300-1-2048x2048.png 2048w, https:\/\/saboribericofuengirola.es\/wp-content\/uploads\/2023\/07\/JAMON-BELLOTA-IBERICO-DON-JOSE-ANTONIO-200x300-1-600x600.png 600w, https:\/\/saboribericofuengirola.es\/wp-content\/uploads\/2023\/07\/JAMON-BELLOTA-IBERICO-DON-JOSE-ANTONIO-200x300-1-768x768.png 768w, https:\/\/saboribericofuengirola.es\/wp-content\/uploads\/2023\/07\/JAMON-BELLOTA-IBERICO-DON-JOSE-ANTONIO-200x300-1-1024x1024.png 1024w\" sizes=\"auto, (max-width: 300px) 100vw, 300px\" \/><\/div>\t\t<\/a>\n\t<\/div><!-- .product-thumbnail-inner -->\n\t\t<div class=\"product-actions\">\n\t\t<div class=\"product-actions-inner\">\n\t\t\t\t<\/div>\n\t<\/div>\n\t\t<\/div><!-- .product-thumbnail -->\n\t\t<div class=\"product-info\">\n\t\t\t<span class=\"ciyashop-product-category\">\n\t\t\t<a href=\"https:\/\/saboribericofuengirola.es\/?product_cat=jamones\">\n\t\t\t\tJamones\t\t\t<\/a>\n\t\t<\/span><!-- .product-category-name-->\n\t\t<div class=\"woocommerce-product-details__short-description\">\n\t<p style=\"text-align: center\" data-mce-style=\"text-align: center;\"><span style=\"font-family: Poppins, sans-serif;font-size: 14px\" data-mce-style=\"font-family: Poppins, sans-serif; font-size: 14px;\">Jam\u00f3n de Bellota ib\u00e9rico 50% raza ib\u00e9rico. <\/span><span style=\"font-family: Poppins, sans-serif;font-size: 14px\" data-mce-style=\"font-family: Poppins, sans-serif; font-size: 14px;\">Seleccionados uno a uno con mucho cuidado nuestros jamones ib\u00e9ricos Sabor Ib\u00e9rico con mas de 42 meses de curaci\u00f3n. Procedentes de Guijuelo, Salamanca.<\/span><\/p>\n<\/div>\n\t<\/div><!-- .product-info -->\n\t\t<\/div><!-- .product-inner -->\n\t<\/li>\n\n\t\t\t\n\t\t\t\t\n\t\t\t\t<li class=\"product-hover-style-image-bottom product-hover-button-shape-square product-hover-button-style-flat product_title_type-single_line product_icon_type-line-icon product type-product post-308 status-publish instock product_cat-jamones product_cat-productos-ibericos has-post-thumbnail taxable shipping-taxable purchasable product-type-simple\">\n\t\t<div class=\"product-inner\">\n\t\t<div class=\"product-thumbnail\">\n\t\t<div class=\"product-thumbnail-inner\">\n\t\t<a href=\"https:\/\/saboribericofuengirola.es\/?product=jamon-iberico-de-bellota-100-raza-iberica\" rel=\"bookmark\">\n\t\t\t<div class=\"product-thumbnail-main\">\n\t\t\t<img loading=\"lazy\" decoding=\"async\" width=\"300\" height=\"300\" src=\"https:\/\/saboribericofuengirola.es\/wp-content\/uploads\/2021\/08\/IMG_75331-300x300.png\" class=\"attachment-woocommerce_thumbnail size-woocommerce_thumbnail\" alt=\"Jam\u00f3n de Bellota 75% raza ib\u00e9rico.\" srcset=\"https:\/\/saboribericofuengirola.es\/wp-content\/uploads\/2021\/08\/IMG_75331-300x300.png 300w, https:\/\/saboribericofuengirola.es\/wp-content\/uploads\/2021\/08\/IMG_75331-150x150.png 150w, https:\/\/saboribericofuengirola.es\/wp-content\/uploads\/2021\/08\/IMG_75331-80x80.png 80w, https:\/\/saboribericofuengirola.es\/wp-content\/uploads\/2021\/08\/IMG_75331-100x100.png 100w, https:\/\/saboribericofuengirola.es\/wp-content\/uploads\/2021\/08\/IMG_75331-1536x1536.png 1536w, https:\/\/saboribericofuengirola.es\/wp-content\/uploads\/2021\/08\/IMG_75331-2048x2048.png 2048w, https:\/\/saboribericofuengirola.es\/wp-content\/uploads\/2021\/08\/IMG_75331-1024x1024.png 1024w\" sizes=\"auto, (max-width: 300px) 100vw, 300px\" \/>\t\t<\/div>\n\t\t<div class=\"product-thumbnail-swap\"><img loading=\"lazy\" decoding=\"async\" width=\"300\" height=\"300\" src=\"https:\/\/saboribericofuengirola.es\/wp-content\/uploads\/2023\/07\/JAMON-BELLOTA-GRAN-RESERVA-DON-JOSE-ANTONIO-300x300.png\" class=\"attachment-woocommerce_thumbnail size-woocommerce_thumbnail\" alt=\"\" srcset=\"https:\/\/saboribericofuengirola.es\/wp-content\/uploads\/2023\/07\/JAMON-BELLOTA-GRAN-RESERVA-DON-JOSE-ANTONIO-300x300.png 300w, https:\/\/saboribericofuengirola.es\/wp-content\/uploads\/2023\/07\/JAMON-BELLOTA-GRAN-RESERVA-DON-JOSE-ANTONIO-150x150.png 150w, https:\/\/saboribericofuengirola.es\/wp-content\/uploads\/2023\/07\/JAMON-BELLOTA-GRAN-RESERVA-DON-JOSE-ANTONIO-80x80.png 80w, https:\/\/saboribericofuengirola.es\/wp-content\/uploads\/2023\/07\/JAMON-BELLOTA-GRAN-RESERVA-DON-JOSE-ANTONIO-100x100.png 100w, https:\/\/saboribericofuengirola.es\/wp-content\/uploads\/2023\/07\/JAMON-BELLOTA-GRAN-RESERVA-DON-JOSE-ANTONIO-1536x1536.png 1536w, https:\/\/saboribericofuengirola.es\/wp-content\/uploads\/2023\/07\/JAMON-BELLOTA-GRAN-RESERVA-DON-JOSE-ANTONIO-2048x2048.png 2048w, https:\/\/saboribericofuengirola.es\/wp-content\/uploads\/2023\/07\/JAMON-BELLOTA-GRAN-RESERVA-DON-JOSE-ANTONIO-600x600.png 600w, https:\/\/saboribericofuengirola.es\/wp-content\/uploads\/2023\/07\/JAMON-BELLOTA-GRAN-RESERVA-DON-JOSE-ANTONIO-768x768.png 768w, https:\/\/saboribericofuengirola.es\/wp-content\/uploads\/2023\/07\/JAMON-BELLOTA-GRAN-RESERVA-DON-JOSE-ANTONIO-1024x1024.png 1024w\" sizes=\"auto, (max-width: 300px) 100vw, 300px\" \/><\/div>\t\t<\/a>\n\t<\/div><!-- .product-thumbnail-inner -->\n\t\t<div class=\"product-actions\">\n\t\t<div class=\"product-actions-inner\">\n\t\t\t\t<\/div>\n\t<\/div>\n\t\t<\/div><!-- .product-thumbnail -->\n\t\t<div class=\"product-info\">\n\t\t\t<span class=\"ciyashop-product-category\">\n\t\t\t<a href=\"https:\/\/saboribericofuengirola.es\/?product_cat=jamones\">\n\t\t\t\tJamones\t\t\t<\/a>\n\t\t<\/span><!-- .product-category-name-->\n\t\t<div class=\"woocommerce-product-details__short-description\">\n\t<p>Jam\u00f3n de bellota 75% raza ib\u00e9rico. <span style=\"font-family: Poppins, sans-serif;font-size: 14px\" data-mce-style=\"font-family: Poppins, sans-serif; font-size: 14px;\">Seleccionados uno a uno con mucho cuidado nuestros jamones ib\u00e9ricos Sabor Ib\u00e9rico con mas de 48 meses de curaci\u00f3n. Procedentes de Guijuelo, Salamanca.<\/span><\/p>\n<\/div>\n\t<\/div><!-- .product-info -->\n\t\t<\/div><!-- .product-inner -->\n\t<\/li>\n\n\t\t\t\t\t\t\n\t\t\t\n\t\t<\/ul>\n\n\t\t\n\t<\/div>\n\t\t\t\t\t\t\t<\/div>\n\t\t\t\t\t\t<\/div>\n\t\t\t\t\t<\/div>\n\t\t\t\t<\/div>\n\t\t\t<\/div>\n\t\t<\/div>\n\t<\/div>\n<\/div>\n\t<\/div><!-- shortcode-base-wrapper-end -->\n\t[\/vc_column][\/vc_row][vc_row equal_height=&#8221;yes&#8221; content_placement=&#8221;middle&#8221; pgscore_enable_responsive_settings=&#8221;true&#8221; el_id=&#8221;1524490141400-b4b1eb44-5e7d&#8221; css=&#8221;.vc_custom_1524566739274{padding-bottom: 80px !important;}&#8221; element_css_md=&#8221;.vc_custom_1524566739275{padding-bottom: 60px !important;}&#8221; element_css_sm=&#8221;.vc_custom_1524566739277{padding-bottom: 50px !important;}&#8221; element_css_xs=&#8221;.vc_custom_1524566739278{padding-bottom: 40px !important;}&#8221;][vc_column el_class=&#8221;order-lg-2&#8243; offset=&#8221;vc_col-lg-6 vc_col-md-6&#8243; el_id=&#8221;1620921539662-d60bb7c8-842d&#8221;][vc_single_image image=&#8221;173&#8243; img_size=&#8221;full&#8221; alignment=&#8221;right&#8221; onclick=&#8221;custom_link&#8221; css=&#8221;.vc_custom_1621539895986{padding-left: 0px !important;}&#8221; link=&#8221;https:\/\/saboribericofuengirola.es\/categoria-producto\/vinos\/?v=4302a5f4ed53&#8243;][\/vc_column][vc_column el_class=&#8221;order-lg-1&#8243; css=&#8221;.vc_custom_1526478168837{padding-top: 30px !important;padding-right: 15px !important;padding-bottom: 30px !important;}&#8221; offset=&#8221;vc_col-lg-6 vc_col-md-6&#8243; el_id=&#8221;1620921539773-62b5a6d2-d68c&#8221;][vc_custom_heading text=&#8221;Vinos&#8221; use_theme_fonts=&#8221;yes&#8221; css=&#8221;.vc_custom_1621450302154{margin-bottom: 15px !important;}&#8221;][vc_column_text]Tintos, Blancos y Rosados[\/vc_column_text][\/vc_column][\/vc_row][vc_row pgscore_enable_responsive_settings=&#8221;true&#8221; el_id=&#8221;1524490892385-9cacd6cc-616d&#8221; css=&#8221;.vc_custom_1524566784060{padding-bottom: 40px !important;}&#8221; element_css_md=&#8221;.vc_custom_1524566784061{padding-bottom: 20px !important;}&#8221; element_css_sm=&#8221;.vc_custom_1524566784062{padding-bottom: 10px !important;}&#8221;][vc_column width=&#8221;1\/2&#8243; css=&#8221;.vc_custom_1524557198940{padding-bottom: 40px !important;}&#8221; el_id=&#8221;1620921540096-bfa3b5a8-b86d&#8221;]\t<div  class=\"pgscore_banner_wrapper\"><!-- shortcode-base-wrapper -->\r\n\t\t\t<div class=\"pgscore_banner pgscore_banner-style-style-1 pgscore_banner-effect-none\" style=\"font-size:70px; background-image: url(&quot;https:\/\/saboribericofuengirola.es\/wp-content\/uploads\/2021\/05\/catas-de-vinos-baner.jpg&quot;);\" data-banner_options=\"{&quot;font_size_responsive&quot;:true,&quot;font_size_xl&quot;:&quot;70&quot;,&quot;font_size_lg&quot;:&quot;60&quot;,&quot;font_size_md&quot;:&quot;50&quot;,&quot;font_size_sm&quot;:&quot;40&quot;,&quot;font_size_xs&quot;:&quot;30&quot;}\">\n\t\t\n\t\t<img loading=\"lazy\" decoding=\"async\" class=\"pgscore_banner-image img-fluid inline\" width=\"991\" height=\"290\" alt=\"Banner\" src=\"https:\/\/saboribericofuengirola.es\/wp-content\/uploads\/2021\/05\/catas-de-vinos-baner.jpg\">\t\t\n\t\t<div class=\"pgscore_banner-content pgscore_banner-content-hleft pgscore_banner-content-vmiddle  vc_custom_1621538102814\" data-banner_padding_options=\"{}\">\n\t\t\t<div class=\"pgscore_banner-content-wrapper\">\n\t\t\t\t<div class=\"pgscore_banner-content-inner-wrapper\">\n\t\t\t\t\t\t\t\t<div class=\"pgscore_banner-text-wrap pgscore_banner-text-wrap-1 hidden-lg hidden-md hidden-sm hidden-xs\">\n\t\t\t\t<div class=\"pgscore_banner-text\" style=\"font-family:Great Vibes; font-size:0.85em; color:#ffffff;\">\n\t\t\t\t\tCata de Vinos\t\t\t\t<\/div>\n\t\t\t<\/div>\n\t\t\t\t\t\t<div class=\"pgscore_banner-text-wrap pgscore_banner-text-wrap-2 hidden-lg hidden-md hidden-sm hidden-xs\">\n\t\t\t\t<div class=\"pgscore_banner-text\" style=\"font-family:Patua One; font-weight:400; font-style:normal; font-size:0.3em; color:#ffffff; text-transform:uppercase;\">\n\t\t\t\t\tConsulte\t\t\t\t<\/div>\n\t\t\t<\/div>\n\t\t\t\t\t\t<div class=\"pgscore_banner-text-wrap pgscore_banner-text-wrap-3 hidden-lg hidden-md hidden-sm hidden-xs\">\n\t\t\t\t<div class=\"pgscore_banner-text\" style=\"font-family:Patua One; font-size:0.7em; color:#43d8ce;\">\n\t\t\t\t\tFecha \t\t\t\t<\/div>\n\t\t\t<\/div>\n\t\t\t\t\t\t\t<\/div>\n\t\t\t<\/div>\n\t\t<\/div>\n\t<\/div>\n\t\t<\/div><!-- shortcode-base-wrapper-end -->\r\n\t[\/vc_column][vc_column width=&#8221;1\/2&#8243; css=&#8221;.vc_custom_1524557205328{padding-bottom: 40px !important;}&#8221; el_id=&#8221;1620921540215-febc6a92-708b&#8221;]\t<div  class=\"pgscore_banner_wrapper\"><!-- shortcode-base-wrapper -->\r\n\t\t\t<div class=\"pgscore_banner pgscore_banner-style-style-1 pgscore_banner-effect-none\" style=\"font-size:70px; background-image: url(&quot;https:\/\/saboribericofuengirola.es\/wp-content\/uploads\/2021\/05\/eventos-baner.jpg&quot;);\" data-banner_options=\"{&quot;font_size_responsive&quot;:true,&quot;font_size_xl&quot;:&quot;70&quot;,&quot;font_size_lg&quot;:&quot;60&quot;,&quot;font_size_md&quot;:&quot;50&quot;,&quot;font_size_sm&quot;:&quot;40&quot;,&quot;font_size_xs&quot;:&quot;30&quot;}\">\n\t\t\n\t\t<img loading=\"lazy\" decoding=\"async\" class=\"pgscore_banner-image img-fluid inline\" width=\"991\" height=\"290\" alt=\"Banner\" src=\"https:\/\/saboribericofuengirola.es\/wp-content\/uploads\/2021\/05\/eventos-baner.jpg\">\t\t\n\t\t<div class=\"pgscore_banner-content pgscore_banner-content-hleft pgscore_banner-content-vmiddle  vc_custom_1621538588735\" data-banner_padding_options=\"{}\">\n\t\t\t<div class=\"pgscore_banner-content-wrapper\">\n\t\t\t\t<div class=\"pgscore_banner-content-inner-wrapper\">\n\t\t\t\t\t\t\t\t<div class=\"pgscore_banner-text-wrap pgscore_banner-text-wrap-1 hidden-lg hidden-md hidden-sm hidden-xs\">\n\t\t\t\t<div class=\"pgscore_banner-text\" style=\"font-family:Great Vibes; font-weight:400; font-style:normal; font-size:0.6em; color:#ffffff;\">\n\t\t\t\t\tEventos &amp; Catering\t\t\t\t<\/div>\n\t\t\t<\/div>\n\t\t\t\t\t\t<div class=\"pgscore_banner-text-wrap pgscore_banner-text-wrap-2 hidden-lg hidden-md hidden-sm hidden-xs\">\n\t\t\t\t<div class=\"pgscore_banner-text\" style=\"font-family:Patua One; font-size:0.3em; color:#ffffff; text-transform:uppercase;\">\n\t\t\t\t\tconsulte\t\t\t\t<\/div>\n\t\t\t<\/div>\n\t\t\t\t\t\t<div class=\"pgscore_banner-text-wrap pgscore_banner-text-wrap-3 hidden-lg hidden-md hidden-sm hidden-xs\">\n\t\t\t\t<div class=\"pgscore_banner-text\" style=\"font-family:Patua One; font-size:0.7em; color:#4cefc9;\">\n\t\t\t\t\tpara su evento\t\t\t\t<\/div>\n\t\t\t<\/div>\n\t\t\t\t\t\t\t<\/div>\n\t\t\t<\/div>\n\t\t<\/div>\n\t<\/div>\n\t\t<\/div><!-- shortcode-base-wrapper-end -->\r\n\t[\/vc_column][\/vc_row][vc_row el_id=&#8221;1524895627394-44c00361-8796&#8243;][vc_column offset=&#8221;vc_col-lg-offset-2 vc_col-lg-8 vc_col-md-offset-1 vc_col-md-10&#8243; el_id=&#8221;1620921540363-c09bac01-66e0&#8243;][vc_custom_heading text=&#8221;Nuestros mejores productos&#8221; font_container=&#8221;tag:h2|text_align:center&#8221; use_theme_fonts=&#8221;yes&#8221; css=&#8221;.vc_custom_1621450763004{margin-bottom: 15px !important;}&#8221;][vc_column_text css=&#8221;.vc_custom_1623730362008{margin-bottom: 30px !important;}&#8221;]<\/p>\n<p style=\"text-align: center;\">Te proponemos una exquisita selecci\u00f3n de productos gourmet elaborados artesanalmente con materias primas de alta calidad. Una amplia propuesta de algunos de los productos m\u00e1s representativos y deliciosos de nuestra tierra.<\/p>\n<p>[\/vc_column_text][\/vc_column][\/vc_row][vc_row el_id=&#8221;1524837267302-9ed9b60c-e679&#8243; css=&#8221;.vc_custom_1524837413364{padding-bottom: 80px !important;}&#8221;][vc_column el_id=&#8221;1620921540700-0d05dee5-7f28&#8243;]\t<div  class=\"pgscore_products_listing_wrapper pgscore_products_listing-2\"><!-- shortcode-base-wrapper -->\n\t\t<div class=\"products-listing-wrapper products-listing-type-carousel products-listing-without-intro\" data-intro=\"no\">\n\t<div class=\"products-listing-inner\">\n\t\t<div class=\"row\">\n\t\t\t\t\t\t<div class=\"col-xs-12 col-sm-12 col-md-12\">\n\t\t\t\t<div class=\"products-listing-main\">\n\t\t\t\t\t<div class=\"products-listing-main-inner\">\n\t\t\t\t\t\t<div class=\"products-listing-header\">\n\t<div class=\"products-listing-inner\">\n\t\t\t<\/div>\n<\/div>\n\t\t\t\t\t\t<div class=\"products-listing-content\">\n\t\t\t\t\t\t\t<div class=\"products-listing-content-inner\">\n\t\t\t\t\t\t\t\t<div class=\"products-listing-items-wrapper products-listing-carousel woocommerce\">\n\t\n\t\t<div class=\"woocommerce-notices-wrapper\"><\/div>\n\t\t\t\t<ul class=\"products products-loop row grid owl-carousel owl-theme owl-carousel-options\" data-owl_options=\"{&quot;items&quot;:3,&quot;responsive&quot;:{&quot;0&quot;:{&quot;items&quot;:1},&quot;576&quot;:{&quot;items&quot;:&quot;2&quot;},&quot;768&quot;:{&quot;items&quot;:&quot;3&quot;},&quot;992&quot;:{&quot;items&quot;:&quot;4&quot;},&quot;1200&quot;:{&quot;items&quot;:&quot;5&quot;}},&quot;margin&quot;:20,&quot;dots&quot;:false,&quot;nav&quot;:true,&quot;loop&quot;:true,&quot;autoplay&quot;:false,&quot;autoplayHoverPause&quot;:true,&quot;autoplayTimeout&quot;:3100,&quot;smartSpeed&quot;:1000,&quot;navText&quot;:[&quot;&lt;i class=\\&quot;fas fa-angle-left fa-2x\\&quot;&gt;&lt;\\\/i&gt;&quot;,&quot;&lt;i class=\\&quot;fas fa-angle-right fa-2x\\&quot;&gt;&lt;\\\/i&gt;&quot;],&quot;lazyLoad&quot;:true}\">\n\n\t\t\t\n\t\t\t\t\n\t\t\t\t<li class=\"product-hover-style-image-bottom product-hover-button-shape-square product-hover-button-style-flat product_title_type-single_line product_icon_type-line-icon product type-product post-625 status-publish first instock product_cat-productos-ibericos has-post-thumbnail taxable shipping-taxable purchasable product-type-simple\">\n\t\t<div class=\"product-inner\">\n\t\t<div class=\"product-thumbnail\">\n\t\t<div class=\"product-thumbnail-inner\">\n\t\t<a href=\"https:\/\/saboribericofuengirola.es\/?product=jamon-iberico-de-bellota-100-raza-iberica-d-o-p-guijuelo\" rel=\"bookmark\">\n\t\t\t<div class=\"product-thumbnail-main\">\n\t\t\t<img loading=\"lazy\" decoding=\"async\" width=\"300\" height=\"300\" src=\"https:\/\/saboribericofuengirola.es\/wp-content\/uploads\/2021\/08\/LUJJ44291-300x300.jpg\" class=\"attachment-woocommerce_thumbnail size-woocommerce_thumbnail\" alt=\"Jam\u00f3n de bellota 100% ib\u00e9rico D.O.P. Guijuelo\" srcset=\"https:\/\/saboribericofuengirola.es\/wp-content\/uploads\/2021\/08\/LUJJ44291-300x300.jpg 300w, https:\/\/saboribericofuengirola.es\/wp-content\/uploads\/2021\/08\/LUJJ44291-150x150.jpg 150w, https:\/\/saboribericofuengirola.es\/wp-content\/uploads\/2021\/08\/LUJJ44291-80x80.jpg 80w, https:\/\/saboribericofuengirola.es\/wp-content\/uploads\/2021\/08\/LUJJ44291-100x100.jpg 100w, https:\/\/saboribericofuengirola.es\/wp-content\/uploads\/2021\/08\/LUJJ44291-1536x1536.jpg 1536w, https:\/\/saboribericofuengirola.es\/wp-content\/uploads\/2021\/08\/LUJJ44291-2048x2048.jpg 2048w\" sizes=\"auto, (max-width: 300px) 100vw, 300px\" \/>\t\t<\/div>\n\t\t\t\t<\/a>\n\t<\/div><!-- .product-thumbnail-inner -->\n\t\t<div class=\"product-actions\">\n\t\t<div class=\"product-actions-inner\">\n\t\t\t\t<\/div>\n\t<\/div>\n\t\t<\/div><!-- .product-thumbnail -->\n\t\t<div class=\"product-info\">\n\t\t\t<span class=\"ciyashop-product-category\">\n\t\t\t<a href=\"https:\/\/saboribericofuengirola.es\/?product_cat=productos-ibericos\">\n\t\t\t\tProductos Ib\u00e9ricos\t\t\t<\/a>\n\t\t<\/span><!-- .product-category-name-->\n\t\t<div class=\"woocommerce-product-details__short-description\">\n\t<p><span style=\"font-family: Poppins, sans-serif;font-size: 14px\" data-mce-style=\"font-family: Poppins, sans-serif; font-size: 14px;\">Jam\u00f3n de bellota 100% ib\u00e9rico D.O.P. Guijuelo. Seleccionados uno a uno con mucho cuidado nuestros jamones ib\u00e9ricos Sabor Ib\u00e9rico con mas de 42 meses de curaci\u00f3n. Procedentes de Guijuelo, Salamanca.<\/span><\/p>\n<\/div>\n\t<\/div><!-- .product-info -->\n\t\t<\/div><!-- .product-inner -->\n\t<\/li>\n\n\t\t\t\n\t\t\t\t\n\t\t\t\t<li class=\"product-hover-style-image-bottom product-hover-button-shape-square product-hover-button-style-flat product_title_type-single_line product_icon_type-line-icon product type-product post-624 status-publish instock product_cat-productos-ibericos has-post-thumbnail taxable shipping-taxable purchasable product-type-simple\">\n\t\t<div class=\"product-inner\">\n\t\t<div class=\"product-thumbnail\">\n\t\t<div class=\"product-thumbnail-inner\">\n\t\t<a href=\"https:\/\/saboribericofuengirola.es\/?product=paletilla-iberica-de-bellota-100-d-o-p-guijuelo\" rel=\"bookmark\">\n\t\t\t<div class=\"product-thumbnail-main\">\n\t\t\t<img loading=\"lazy\" decoding=\"async\" width=\"300\" height=\"300\" src=\"https:\/\/saboribericofuengirola.es\/wp-content\/uploads\/2021\/08\/VXZJ25821-300x300.jpg\" class=\"attachment-woocommerce_thumbnail size-woocommerce_thumbnail\" alt=\"Paletilla de bellota 100% ib\u00e9rica D.O.P. Guijuelo\" srcset=\"https:\/\/saboribericofuengirola.es\/wp-content\/uploads\/2021\/08\/VXZJ25821-300x300.jpg 300w, https:\/\/saboribericofuengirola.es\/wp-content\/uploads\/2021\/08\/VXZJ25821-150x150.jpg 150w, https:\/\/saboribericofuengirola.es\/wp-content\/uploads\/2021\/08\/VXZJ25821-80x80.jpg 80w, https:\/\/saboribericofuengirola.es\/wp-content\/uploads\/2021\/08\/VXZJ25821-100x100.jpg 100w, https:\/\/saboribericofuengirola.es\/wp-content\/uploads\/2021\/08\/VXZJ25821-1536x1536.jpg 1536w, https:\/\/saboribericofuengirola.es\/wp-content\/uploads\/2021\/08\/VXZJ25821-2048x2048.jpg 2048w\" sizes=\"auto, (max-width: 300px) 100vw, 300px\" \/>\t\t<\/div>\n\t\t\t\t<\/a>\n\t<\/div><!-- .product-thumbnail-inner -->\n\t\t<div class=\"product-actions\">\n\t\t<div class=\"product-actions-inner\">\n\t\t\t\t<\/div>\n\t<\/div>\n\t\t<\/div><!-- .product-thumbnail -->\n\t\t<div class=\"product-info\">\n\t\t\t<span class=\"ciyashop-product-category\">\n\t\t\t<a href=\"https:\/\/saboribericofuengirola.es\/?product_cat=productos-ibericos\">\n\t\t\t\tProductos Ib\u00e9ricos\t\t\t<\/a>\n\t\t<\/span><!-- .product-category-name-->\n\t\t<div class=\"woocommerce-product-details__short-description\">\n\t<p><span style=\"font-family: Poppins, sans-serif;font-size: 14px\" data-mce-style=\"font-family: Poppins, sans-serif; font-size: 14px;\">Paletilla de bellota 100%\u00a0 ib\u00e9rica D.O.P. Guijuelo. Seleccionados uno a uno con mucho cuidado nuestros jamones y paletillas Sabor Ib\u00e9rico con mas de 24 meses de curaci\u00f3n. Procedentes de Guijuelo, Salamanca.<\/span><\/p>\n<\/div>\n\t<\/div><!-- .product-info -->\n\t\t<\/div><!-- .product-inner -->\n\t<\/li>\n\n\t\t\t\n\t\t\t\t\n\t\t\t\t<li class=\"product-hover-style-image-bottom product-hover-button-shape-square product-hover-button-style-flat product_title_type-single_line product_icon_type-line-icon product type-product post-623 status-publish last instock product_cat-productos-ibericos has-post-thumbnail taxable shipping-taxable purchasable product-type-simple\">\n\t\t<div class=\"product-inner\">\n\t\t<div class=\"product-thumbnail\">\n\t\t<div class=\"product-thumbnail-inner\">\n\t\t<a href=\"https:\/\/saboribericofuengirola.es\/?product=paletilla-cebo-campo-75-raza-iberica-2\" rel=\"bookmark\">\n\t\t\t<div class=\"product-thumbnail-main\">\n\t\t\t<img loading=\"lazy\" decoding=\"async\" width=\"300\" height=\"300\" src=\"https:\/\/saboribericofuengirola.es\/wp-content\/uploads\/2023\/07\/PALETA-DE-BELLOTA-IBERICA-DON-JOSE-ANTONIO-300x300.png\" class=\"attachment-woocommerce_thumbnail size-woocommerce_thumbnail\" alt=\"Paletilla de bellota ib\u00e9rica 75% Raza ib\u00e9rica\" srcset=\"https:\/\/saboribericofuengirola.es\/wp-content\/uploads\/2023\/07\/PALETA-DE-BELLOTA-IBERICA-DON-JOSE-ANTONIO-300x300.png 300w, https:\/\/saboribericofuengirola.es\/wp-content\/uploads\/2023\/07\/PALETA-DE-BELLOTA-IBERICA-DON-JOSE-ANTONIO-150x150.png 150w, https:\/\/saboribericofuengirola.es\/wp-content\/uploads\/2023\/07\/PALETA-DE-BELLOTA-IBERICA-DON-JOSE-ANTONIO-80x80.png 80w, https:\/\/saboribericofuengirola.es\/wp-content\/uploads\/2023\/07\/PALETA-DE-BELLOTA-IBERICA-DON-JOSE-ANTONIO-100x100.png 100w, https:\/\/saboribericofuengirola.es\/wp-content\/uploads\/2023\/07\/PALETA-DE-BELLOTA-IBERICA-DON-JOSE-ANTONIO-1536x1536.png 1536w, https:\/\/saboribericofuengirola.es\/wp-content\/uploads\/2023\/07\/PALETA-DE-BELLOTA-IBERICA-DON-JOSE-ANTONIO-2048x2048.png 2048w, https:\/\/saboribericofuengirola.es\/wp-content\/uploads\/2023\/07\/PALETA-DE-BELLOTA-IBERICA-DON-JOSE-ANTONIO-600x600.png 600w, https:\/\/saboribericofuengirola.es\/wp-content\/uploads\/2023\/07\/PALETA-DE-BELLOTA-IBERICA-DON-JOSE-ANTONIO-768x768.png 768w, https:\/\/saboribericofuengirola.es\/wp-content\/uploads\/2023\/07\/PALETA-DE-BELLOTA-IBERICA-DON-JOSE-ANTONIO-1024x1024.png 1024w\" sizes=\"auto, (max-width: 300px) 100vw, 300px\" \/>\t\t<\/div>\n\t\t\t\t<\/a>\n\t<\/div><!-- .product-thumbnail-inner -->\n\t\t<div class=\"product-actions\">\n\t\t<div class=\"product-actions-inner\">\n\t\t\t\t<\/div>\n\t<\/div>\n\t\t<\/div><!-- .product-thumbnail -->\n\t\t<div class=\"product-info\">\n\t\t\t<span class=\"ciyashop-product-category\">\n\t\t\t<a href=\"https:\/\/saboribericofuengirola.es\/?product_cat=productos-ibericos\">\n\t\t\t\tProductos Ib\u00e9ricos\t\t\t<\/a>\n\t\t<\/span><!-- .product-category-name-->\n\t\t<div class=\"woocommerce-product-details__short-description\">\n\t<p><span style=\"font-family: Poppins, sans-serif;font-size: 14px\" data-mce-style=\"font-family: Poppins, sans-serif; font-size: 14px;\">Paletilla de bellota ib\u00e9rica\u00a0 75% raza\u00a0 ib\u00e9rica. Seleccionados uno a uno con mucho cuidado nuestros jamones ib\u00e9ricos Sabor Ib\u00e9rico con mas de 24 meses de curaci\u00f3n. Procedentes de Guijuelo, Salamanca.<\/span><\/p>\n<\/div>\n\t<\/div><!-- .product-info -->\n\t\t<\/div><!-- .product-inner -->\n\t<\/li>\n\n\t\t\t\n\t\t\t\t\n\t\t\t\t<li class=\"product-hover-style-image-bottom product-hover-button-shape-square product-hover-button-style-flat product_title_type-single_line product_icon_type-line-icon product type-product post-622 status-publish first instock product_cat-productos-ibericos has-post-thumbnail taxable shipping-taxable purchasable product-type-simple\">\n\t\t<div class=\"product-inner\">\n\t\t<div class=\"product-thumbnail\">\n\t\t<div class=\"product-thumbnail-inner\">\n\t\t<a href=\"https:\/\/saboribericofuengirola.es\/?product=jamon-iberico-cebo-de-campo-75-raza-iberica\" rel=\"bookmark\">\n\t\t\t<div class=\"product-thumbnail-main\">\n\t\t\t<img loading=\"lazy\" decoding=\"async\" width=\"300\" height=\"300\" src=\"https:\/\/saboribericofuengirola.es\/wp-content\/uploads\/2023\/07\/JAMON-BELLOTA-GRAN-RESERVA-DON-JOSE-ANTONIO-300x300.png\" class=\"attachment-woocommerce_thumbnail size-woocommerce_thumbnail\" alt=\"Jam\u00f3n de bellota ib\u00e9rica 75% raza ib\u00e9rico\" srcset=\"https:\/\/saboribericofuengirola.es\/wp-content\/uploads\/2023\/07\/JAMON-BELLOTA-GRAN-RESERVA-DON-JOSE-ANTONIO-300x300.png 300w, https:\/\/saboribericofuengirola.es\/wp-content\/uploads\/2023\/07\/JAMON-BELLOTA-GRAN-RESERVA-DON-JOSE-ANTONIO-150x150.png 150w, https:\/\/saboribericofuengirola.es\/wp-content\/uploads\/2023\/07\/JAMON-BELLOTA-GRAN-RESERVA-DON-JOSE-ANTONIO-80x80.png 80w, https:\/\/saboribericofuengirola.es\/wp-content\/uploads\/2023\/07\/JAMON-BELLOTA-GRAN-RESERVA-DON-JOSE-ANTONIO-100x100.png 100w, https:\/\/saboribericofuengirola.es\/wp-content\/uploads\/2023\/07\/JAMON-BELLOTA-GRAN-RESERVA-DON-JOSE-ANTONIO-1536x1536.png 1536w, https:\/\/saboribericofuengirola.es\/wp-content\/uploads\/2023\/07\/JAMON-BELLOTA-GRAN-RESERVA-DON-JOSE-ANTONIO-2048x2048.png 2048w, https:\/\/saboribericofuengirola.es\/wp-content\/uploads\/2023\/07\/JAMON-BELLOTA-GRAN-RESERVA-DON-JOSE-ANTONIO-600x600.png 600w, https:\/\/saboribericofuengirola.es\/wp-content\/uploads\/2023\/07\/JAMON-BELLOTA-GRAN-RESERVA-DON-JOSE-ANTONIO-768x768.png 768w, https:\/\/saboribericofuengirola.es\/wp-content\/uploads\/2023\/07\/JAMON-BELLOTA-GRAN-RESERVA-DON-JOSE-ANTONIO-1024x1024.png 1024w\" sizes=\"auto, (max-width: 300px) 100vw, 300px\" \/>\t\t<\/div>\n\t\t\t\t<\/a>\n\t<\/div><!-- .product-thumbnail-inner -->\n\t\t<div class=\"product-actions\">\n\t\t<div class=\"product-actions-inner\">\n\t\t\t\t<\/div>\n\t<\/div>\n\t\t<\/div><!-- .product-thumbnail -->\n\t\t<div class=\"product-info\">\n\t\t\t<span class=\"ciyashop-product-category\">\n\t\t\t<a href=\"https:\/\/saboribericofuengirola.es\/?product_cat=productos-ibericos\">\n\t\t\t\tProductos Ib\u00e9ricos\t\t\t<\/a>\n\t\t<\/span><!-- .product-category-name-->\n\t\t<div class=\"woocommerce-product-details__short-description\">\n\t<p><span style=\"font-family: Poppins, sans-serif;font-size: 14px\" data-mce-style=\"font-family: Poppins, sans-serif; font-size: 14px;\">Jam\u00f3n de bellota ib\u00e9rico 75% raza ib\u00e9rica. Seleccionados uno a uno con mucho cuidado nuestros jamones ib\u00e9ricos Sabor Ib\u00e9rico con mas de 36 meses de curaci\u00f3n. Procedentes de Guijuelo, Salamanca.<\/span><\/p>\n<\/div>\n\t<\/div><!-- .product-info -->\n\t\t<\/div><!-- .product-inner -->\n\t<\/li>\n\n\t\t\t\n\t\t\t\t\n\t\t\t\t<li class=\"product-hover-style-image-bottom product-hover-button-shape-square product-hover-button-style-flat product_title_type-single_line product_icon_type-line-icon product type-product post-568 status-publish instock product_cat-paletas product_cat-productos-ibericos has-post-thumbnail taxable shipping-taxable purchasable product-type-simple\">\n\t\t<div class=\"product-inner\">\n\t\t<div class=\"product-thumbnail\">\n\t\t<div class=\"product-thumbnail-inner\">\n\t\t<a href=\"https:\/\/saboribericofuengirola.es\/?product=paletilla-cebo-campo-75-raza-iberica\" rel=\"bookmark\">\n\t\t\t<div class=\"product-thumbnail-main\">\n\t\t\t<img loading=\"lazy\" decoding=\"async\" width=\"300\" height=\"300\" src=\"https:\/\/saboribericofuengirola.es\/wp-content\/uploads\/2023\/07\/PALETA-CEBO-CAMPO-DON-JOSE-ANTONIO-200x300-1-300x300.png\" class=\"attachment-woocommerce_thumbnail size-woocommerce_thumbnail\" alt=\"Paletilla cebo campo ib\u00e9rica 75% raza ib\u00e9rica\" srcset=\"https:\/\/saboribericofuengirola.es\/wp-content\/uploads\/2023\/07\/PALETA-CEBO-CAMPO-DON-JOSE-ANTONIO-200x300-1-300x300.png 300w, https:\/\/saboribericofuengirola.es\/wp-content\/uploads\/2023\/07\/PALETA-CEBO-CAMPO-DON-JOSE-ANTONIO-200x300-1-150x150.png 150w, https:\/\/saboribericofuengirola.es\/wp-content\/uploads\/2023\/07\/PALETA-CEBO-CAMPO-DON-JOSE-ANTONIO-200x300-1-80x80.png 80w, https:\/\/saboribericofuengirola.es\/wp-content\/uploads\/2023\/07\/PALETA-CEBO-CAMPO-DON-JOSE-ANTONIO-200x300-1-100x100.png 100w, https:\/\/saboribericofuengirola.es\/wp-content\/uploads\/2023\/07\/PALETA-CEBO-CAMPO-DON-JOSE-ANTONIO-200x300-1-1536x1536.png 1536w, https:\/\/saboribericofuengirola.es\/wp-content\/uploads\/2023\/07\/PALETA-CEBO-CAMPO-DON-JOSE-ANTONIO-200x300-1-2048x2048.png 2048w, https:\/\/saboribericofuengirola.es\/wp-content\/uploads\/2023\/07\/PALETA-CEBO-CAMPO-DON-JOSE-ANTONIO-200x300-1-600x600.png 600w, https:\/\/saboribericofuengirola.es\/wp-content\/uploads\/2023\/07\/PALETA-CEBO-CAMPO-DON-JOSE-ANTONIO-200x300-1-768x768.png 768w, https:\/\/saboribericofuengirola.es\/wp-content\/uploads\/2023\/07\/PALETA-CEBO-CAMPO-DON-JOSE-ANTONIO-200x300-1-1024x1024.png 1024w\" sizes=\"auto, (max-width: 300px) 100vw, 300px\" \/>\t\t<\/div>\n\t\t\t\t<\/a>\n\t<\/div><!-- .product-thumbnail-inner -->\n\t\t<div class=\"product-actions\">\n\t\t<div class=\"product-actions-inner\">\n\t\t\t\t<\/div>\n\t<\/div>\n\t\t<\/div><!-- .product-thumbnail -->\n\t\t<div class=\"product-info\">\n\t\t\t<span class=\"ciyashop-product-category\">\n\t\t\t<a href=\"https:\/\/saboribericofuengirola.es\/?product_cat=paletas\">\n\t\t\t\tPaletas\t\t\t<\/a>\n\t\t<\/span><!-- .product-category-name-->\n\t\t<div class=\"woocommerce-product-details__short-description\">\n\t<p>Paletilla cebo de campo ib\u00e9rica\u00a0 75% raza ib\u00e9rica. <span style=\"font-family: Poppins, sans-serif;font-size: 14px\" data-mce-style=\"font-family: Poppins, sans-serif; font-size: 14px;\">Seleccionados uno a uno con mucho cuidado nuestros jamones ib\u00e9ricos Don Jose Antonio y Sabor Ib\u00e9rico con mas de 30 meses de curaci\u00f3n. Procedentes de Salamanca y Huelva.<\/span>\u00a0<\/p>\n<\/div>\n\t<\/div><!-- .product-info -->\n\t\t<\/div><!-- .product-inner -->\n\t<\/li>\n\n\t\t\t\n\t\t\t\t\n\t\t\t\t<li class=\"product-hover-style-image-bottom product-hover-button-shape-square product-hover-button-style-flat product_title_type-single_line product_icon_type-line-icon product type-product post-564 status-publish last instock product_cat-jamones product_cat-productos-ibericos has-post-thumbnail taxable shipping-taxable purchasable product-type-simple\">\n\t\t<div class=\"product-inner\">\n\t\t<div class=\"product-thumbnail\">\n\t\t<div class=\"product-thumbnail-inner\">\n\t\t<a href=\"https:\/\/saboribericofuengirola.es\/?product=jamon-iberico-de-bellota-75-raza-iberica-don-jose-antonio\" rel=\"bookmark\">\n\t\t\t<div class=\"product-thumbnail-main\">\n\t\t\t<img loading=\"lazy\" decoding=\"async\" width=\"300\" height=\"300\" src=\"https:\/\/saboribericofuengirola.es\/wp-content\/uploads\/2023\/07\/JAMON-CEBO-CAMPO-DON-JOSE-ANTONIO-300x300.png\" class=\"attachment-woocommerce_thumbnail size-woocommerce_thumbnail\" alt=\"Jam\u00f3n cebo de campo ib\u00e9rico 75% raza ib\u00e9rico\" srcset=\"https:\/\/saboribericofuengirola.es\/wp-content\/uploads\/2023\/07\/JAMON-CEBO-CAMPO-DON-JOSE-ANTONIO-300x300.png 300w, https:\/\/saboribericofuengirola.es\/wp-content\/uploads\/2023\/07\/JAMON-CEBO-CAMPO-DON-JOSE-ANTONIO-150x150.png 150w, https:\/\/saboribericofuengirola.es\/wp-content\/uploads\/2023\/07\/JAMON-CEBO-CAMPO-DON-JOSE-ANTONIO-80x80.png 80w, https:\/\/saboribericofuengirola.es\/wp-content\/uploads\/2023\/07\/JAMON-CEBO-CAMPO-DON-JOSE-ANTONIO-100x100.png 100w, https:\/\/saboribericofuengirola.es\/wp-content\/uploads\/2023\/07\/JAMON-CEBO-CAMPO-DON-JOSE-ANTONIO-1536x1536.png 1536w, https:\/\/saboribericofuengirola.es\/wp-content\/uploads\/2023\/07\/JAMON-CEBO-CAMPO-DON-JOSE-ANTONIO-2048x2048.png 2048w, https:\/\/saboribericofuengirola.es\/wp-content\/uploads\/2023\/07\/JAMON-CEBO-CAMPO-DON-JOSE-ANTONIO-600x600.png 600w, https:\/\/saboribericofuengirola.es\/wp-content\/uploads\/2023\/07\/JAMON-CEBO-CAMPO-DON-JOSE-ANTONIO-768x768.png 768w, https:\/\/saboribericofuengirola.es\/wp-content\/uploads\/2023\/07\/JAMON-CEBO-CAMPO-DON-JOSE-ANTONIO-1024x1024.png 1024w\" sizes=\"auto, (max-width: 300px) 100vw, 300px\" \/>\t\t<\/div>\n\t\t\t\t<\/a>\n\t<\/div><!-- .product-thumbnail-inner -->\n\t\t<div class=\"product-actions\">\n\t\t<div class=\"product-actions-inner\">\n\t\t\t\t<\/div>\n\t<\/div>\n\t\t<\/div><!-- .product-thumbnail -->\n\t\t<div class=\"product-info\">\n\t\t\t<span class=\"ciyashop-product-category\">\n\t\t\t<a href=\"https:\/\/saboribericofuengirola.es\/?product_cat=jamones\">\n\t\t\t\tJamones\t\t\t<\/a>\n\t\t<\/span><!-- .product-category-name-->\n\t\t<div class=\"woocommerce-product-details__short-description\">\n\t<p><span style=\"font-family: Poppins, sans-serif;font-size: 14px\" data-mce-style=\"font-family: Poppins, sans-serif; font-size: 14px;\">Jam\u00f3n cebo de campo ib\u00e9rico 75% raza ib\u00e9rica. Seleccionados uno a uno con mucho cuidado nuestros jamones ib\u00e9ricos Sabor Ib\u00e9rico con mas de 36 meses de curaci\u00f3n. Procedentes de Guijuelo, Salamanca.<\/span><\/p>\n<\/div>\n\t<\/div><!-- .product-info -->\n\t\t<\/div><!-- .product-inner -->\n\t<\/li>\n\n\t\t\t\n\t\t\t\t\n\t\t\t\t<li class=\"product-hover-style-image-bottom product-hover-button-shape-square product-hover-button-style-flat product_title_type-single_line product_icon_type-line-icon product type-product post-326 status-publish first instock product_cat-paletas product_cat-productos-ibericos has-post-thumbnail taxable shipping-taxable purchasable product-type-simple\">\n\t\t<div class=\"product-inner\">\n\t\t<div class=\"product-thumbnail\">\n\t\t<div class=\"product-thumbnail-inner\">\n\t\t<a href=\"https:\/\/saboribericofuengirola.es\/?product=paletilla-iberica-de-cebo-50-raza-iberica\" rel=\"bookmark\">\n\t\t\t<div class=\"product-thumbnail-main\">\n\t\t\t<img loading=\"lazy\" decoding=\"async\" width=\"300\" height=\"300\" src=\"https:\/\/saboribericofuengirola.es\/wp-content\/uploads\/2021\/08\/PYYR43411-300x300.jpg\" class=\"attachment-woocommerce_thumbnail size-woocommerce_thumbnail\" alt=\"Paletilla de cebo ib\u00e9rico 50% raza ib\u00e9rica\" srcset=\"https:\/\/saboribericofuengirola.es\/wp-content\/uploads\/2021\/08\/PYYR43411-300x300.jpg 300w, https:\/\/saboribericofuengirola.es\/wp-content\/uploads\/2021\/08\/PYYR43411-150x150.jpg 150w, https:\/\/saboribericofuengirola.es\/wp-content\/uploads\/2021\/08\/PYYR43411-80x80.jpg 80w, https:\/\/saboribericofuengirola.es\/wp-content\/uploads\/2021\/08\/PYYR43411-100x100.jpg 100w, https:\/\/saboribericofuengirola.es\/wp-content\/uploads\/2021\/08\/PYYR43411-1536x1536.jpg 1536w, https:\/\/saboribericofuengirola.es\/wp-content\/uploads\/2021\/08\/PYYR43411-2048x2048.jpg 2048w\" sizes=\"auto, (max-width: 300px) 100vw, 300px\" \/>\t\t<\/div>\n\t\t<div class=\"product-thumbnail-swap\"><img loading=\"lazy\" decoding=\"async\" width=\"300\" height=\"300\" src=\"https:\/\/saboribericofuengirola.es\/wp-content\/uploads\/2023\/07\/PALETA-CEBO-DON-JOSE-ANTONIO-200x300-1-300x300.png\" class=\"attachment-woocommerce_thumbnail size-woocommerce_thumbnail\" alt=\"\" srcset=\"https:\/\/saboribericofuengirola.es\/wp-content\/uploads\/2023\/07\/PALETA-CEBO-DON-JOSE-ANTONIO-200x300-1-300x300.png 300w, https:\/\/saboribericofuengirola.es\/wp-content\/uploads\/2023\/07\/PALETA-CEBO-DON-JOSE-ANTONIO-200x300-1-150x150.png 150w, https:\/\/saboribericofuengirola.es\/wp-content\/uploads\/2023\/07\/PALETA-CEBO-DON-JOSE-ANTONIO-200x300-1-80x80.png 80w, https:\/\/saboribericofuengirola.es\/wp-content\/uploads\/2023\/07\/PALETA-CEBO-DON-JOSE-ANTONIO-200x300-1-100x100.png 100w, https:\/\/saboribericofuengirola.es\/wp-content\/uploads\/2023\/07\/PALETA-CEBO-DON-JOSE-ANTONIO-200x300-1-1536x1536.png 1536w, https:\/\/saboribericofuengirola.es\/wp-content\/uploads\/2023\/07\/PALETA-CEBO-DON-JOSE-ANTONIO-200x300-1-2048x2048.png 2048w, https:\/\/saboribericofuengirola.es\/wp-content\/uploads\/2023\/07\/PALETA-CEBO-DON-JOSE-ANTONIO-200x300-1-600x600.png 600w, https:\/\/saboribericofuengirola.es\/wp-content\/uploads\/2023\/07\/PALETA-CEBO-DON-JOSE-ANTONIO-200x300-1-768x768.png 768w, https:\/\/saboribericofuengirola.es\/wp-content\/uploads\/2023\/07\/PALETA-CEBO-DON-JOSE-ANTONIO-200x300-1-1024x1024.png 1024w\" sizes=\"auto, (max-width: 300px) 100vw, 300px\" \/><\/div>\t\t<\/a>\n\t<\/div><!-- .product-thumbnail-inner -->\n\t\t<div class=\"product-actions\">\n\t\t<div class=\"product-actions-inner\">\n\t\t\t\t<\/div>\n\t<\/div>\n\t\t<\/div><!-- .product-thumbnail -->\n\t\t<div class=\"product-info\">\n\t\t\t<span class=\"ciyashop-product-category\">\n\t\t\t<a href=\"https:\/\/saboribericofuengirola.es\/?product_cat=paletas\">\n\t\t\t\tPaletas\t\t\t<\/a>\n\t\t<\/span><!-- .product-category-name-->\n\t\t<div class=\"woocommerce-product-details__short-description\">\n\t<p><span style=\"font-family: Poppins, sans-serif;font-size: 14px\" data-mce-style=\"font-family: Poppins, sans-serif; font-size: 14px;\">Paletilla <\/span><span style=\"font-family: Poppins, sans-serif;font-size: 14px\" data-mce-style=\"font-family: Poppins, sans-serif; font-size: 14px;\">de cebo ib\u00e9rica 50% raza ib\u00e9rica. <\/span><span style=\"font-family: Poppins, sans-serif;font-size: 14px\" data-mce-style=\"font-family: Poppins, sans-serif; font-size: 14px;\">Seleccionados uno a uno con mucho cuidado nuestros jamones Sabor Ib\u00e9rico con mas de 24 meses de curaci\u00f3n. Procedentes de Guijuelo, Salamanca<\/span><\/p>\n<\/div>\n\t<\/div><!-- .product-info -->\n\t\t<\/div><!-- .product-inner -->\n\t<\/li>\n\n\t\t\t\n\t\t\t\t\n\t\t\t\t<li class=\"product-hover-style-image-bottom product-hover-button-shape-square product-hover-button-style-flat product_title_type-single_line product_icon_type-line-icon product type-product post-320 status-publish instock product_cat-paletas product_cat-productos-ibericos has-post-thumbnail taxable shipping-taxable purchasable product-type-simple\">\n\t\t<div class=\"product-inner\">\n\t\t<div class=\"product-thumbnail\">\n\t\t<div class=\"product-thumbnail-inner\">\n\t\t<a href=\"https:\/\/saboribericofuengirola.es\/?product=paletilla-iberica-de-cebo-de-campo-50-raza-iberica\" rel=\"bookmark\">\n\t\t\t<div class=\"product-thumbnail-main\">\n\t\t\t<img loading=\"lazy\" decoding=\"async\" width=\"300\" height=\"300\" src=\"https:\/\/saboribericofuengirola.es\/wp-content\/uploads\/2021\/08\/KIGL15081-300x300.jpg\" class=\"attachment-woocommerce_thumbnail size-woocommerce_thumbnail\" alt=\"Paletilla cebo de campo ib\u00e9rica 50% raza ib\u00e9rica\" srcset=\"https:\/\/saboribericofuengirola.es\/wp-content\/uploads\/2021\/08\/KIGL15081-300x300.jpg 300w, https:\/\/saboribericofuengirola.es\/wp-content\/uploads\/2021\/08\/KIGL15081-150x150.jpg 150w, https:\/\/saboribericofuengirola.es\/wp-content\/uploads\/2021\/08\/KIGL15081-80x80.jpg 80w, https:\/\/saboribericofuengirola.es\/wp-content\/uploads\/2021\/08\/KIGL15081-100x100.jpg 100w, https:\/\/saboribericofuengirola.es\/wp-content\/uploads\/2021\/08\/KIGL15081-1536x1536.jpg 1536w, https:\/\/saboribericofuengirola.es\/wp-content\/uploads\/2021\/08\/KIGL15081-2048x2048.jpg 2048w\" sizes=\"auto, (max-width: 300px) 100vw, 300px\" \/>\t\t<\/div>\n\t\t<div class=\"product-thumbnail-swap\"><img loading=\"lazy\" decoding=\"async\" width=\"300\" height=\"300\" src=\"https:\/\/saboribericofuengirola.es\/wp-content\/uploads\/2023\/07\/PALETA-CEBO-CAMPO-DON-JOSE-ANTONIO-200x300-1-300x300.png\" class=\"attachment-woocommerce_thumbnail size-woocommerce_thumbnail\" alt=\"\" srcset=\"https:\/\/saboribericofuengirola.es\/wp-content\/uploads\/2023\/07\/PALETA-CEBO-CAMPO-DON-JOSE-ANTONIO-200x300-1-300x300.png 300w, https:\/\/saboribericofuengirola.es\/wp-content\/uploads\/2023\/07\/PALETA-CEBO-CAMPO-DON-JOSE-ANTONIO-200x300-1-150x150.png 150w, https:\/\/saboribericofuengirola.es\/wp-content\/uploads\/2023\/07\/PALETA-CEBO-CAMPO-DON-JOSE-ANTONIO-200x300-1-80x80.png 80w, https:\/\/saboribericofuengirola.es\/wp-content\/uploads\/2023\/07\/PALETA-CEBO-CAMPO-DON-JOSE-ANTONIO-200x300-1-100x100.png 100w, https:\/\/saboribericofuengirola.es\/wp-content\/uploads\/2023\/07\/PALETA-CEBO-CAMPO-DON-JOSE-ANTONIO-200x300-1-1536x1536.png 1536w, https:\/\/saboribericofuengirola.es\/wp-content\/uploads\/2023\/07\/PALETA-CEBO-CAMPO-DON-JOSE-ANTONIO-200x300-1-2048x2048.png 2048w, https:\/\/saboribericofuengirola.es\/wp-content\/uploads\/2023\/07\/PALETA-CEBO-CAMPO-DON-JOSE-ANTONIO-200x300-1-600x600.png 600w, https:\/\/saboribericofuengirola.es\/wp-content\/uploads\/2023\/07\/PALETA-CEBO-CAMPO-DON-JOSE-ANTONIO-200x300-1-768x768.png 768w, https:\/\/saboribericofuengirola.es\/wp-content\/uploads\/2023\/07\/PALETA-CEBO-CAMPO-DON-JOSE-ANTONIO-200x300-1-1024x1024.png 1024w\" sizes=\"auto, (max-width: 300px) 100vw, 300px\" \/><\/div>\t\t<\/a>\n\t<\/div><!-- .product-thumbnail-inner -->\n\t\t<div class=\"product-actions\">\n\t\t<div class=\"product-actions-inner\">\n\t\t\t\t<\/div>\n\t<\/div>\n\t\t<\/div><!-- .product-thumbnail -->\n\t\t<div class=\"product-info\">\n\t\t\t<span class=\"ciyashop-product-category\">\n\t\t\t<a href=\"https:\/\/saboribericofuengirola.es\/?product_cat=paletas\">\n\t\t\t\tPaletas\t\t\t<\/a>\n\t\t<\/span><!-- .product-category-name-->\n\t\t<div class=\"woocommerce-product-details__short-description\">\n\t<p><span style=\"font-family: Poppins, sans-serif;font-size: 14px\" data-mce-style=\"font-family: Poppins, sans-serif; font-size: 14px;\">Paletilla cebo de campo ib\u00e9rica 50% raza ib\u00e9rica. <\/span><span style=\"font-family: Poppins, sans-serif;font-size: 14px\" data-mce-style=\"font-family: Poppins, sans-serif; font-size: 14px;\">Seleccionados uno a uno con mucho cuidado nuestros jamones Sabor Ib\u00e9rico con mas de 24 meses de curaci\u00f3n. Procedentes de Guijuelo, Salamanca.<\/span><\/p>\n<\/div>\n\t<\/div><!-- .product-info -->\n\t\t<\/div><!-- .product-inner -->\n\t<\/li>\n\n\t\t\t\n\t\t\t\t\n\t\t\t\t<li class=\"product-hover-style-image-bottom product-hover-button-shape-square product-hover-button-style-flat product_title_type-single_line product_icon_type-line-icon product type-product post-318 status-publish last instock product_cat-paletas product_cat-productos-ibericos has-post-thumbnail taxable shipping-taxable purchasable product-type-simple\">\n\t\t<div class=\"product-inner\">\n\t\t<div class=\"product-thumbnail\">\n\t\t<div class=\"product-thumbnail-inner\">\n\t\t<a href=\"https:\/\/saboribericofuengirola.es\/?product=paletilla-iberica-de-bellota-50-raza-iberica\" rel=\"bookmark\">\n\t\t\t<div class=\"product-thumbnail-main\">\n\t\t\t<img loading=\"lazy\" decoding=\"async\" width=\"300\" height=\"300\" src=\"https:\/\/saboribericofuengirola.es\/wp-content\/uploads\/2021\/08\/HGSZ02681-1-300x300.jpg\" class=\"attachment-woocommerce_thumbnail size-woocommerce_thumbnail\" alt=\"Paletilla de bellota raza 50% raza ib\u00e9rica.\" srcset=\"https:\/\/saboribericofuengirola.es\/wp-content\/uploads\/2021\/08\/HGSZ02681-1-300x300.jpg 300w, https:\/\/saboribericofuengirola.es\/wp-content\/uploads\/2021\/08\/HGSZ02681-1-150x150.jpg 150w, https:\/\/saboribericofuengirola.es\/wp-content\/uploads\/2021\/08\/HGSZ02681-1-80x80.jpg 80w, https:\/\/saboribericofuengirola.es\/wp-content\/uploads\/2021\/08\/HGSZ02681-1-100x100.jpg 100w, https:\/\/saboribericofuengirola.es\/wp-content\/uploads\/2021\/08\/HGSZ02681-1-1536x1536.jpg 1536w, https:\/\/saboribericofuengirola.es\/wp-content\/uploads\/2021\/08\/HGSZ02681-1-2048x2048.jpg 2048w\" sizes=\"auto, (max-width: 300px) 100vw, 300px\" \/>\t\t<\/div>\n\t\t<div class=\"product-thumbnail-swap\"><img loading=\"lazy\" decoding=\"async\" width=\"300\" height=\"300\" src=\"https:\/\/saboribericofuengirola.es\/wp-content\/uploads\/2023\/07\/PALETA-DE-BELLOTA-IBERICA-DON-JOSE-ANTONIO-300x300.png\" class=\"attachment-woocommerce_thumbnail size-woocommerce_thumbnail\" alt=\"\" srcset=\"https:\/\/saboribericofuengirola.es\/wp-content\/uploads\/2023\/07\/PALETA-DE-BELLOTA-IBERICA-DON-JOSE-ANTONIO-300x300.png 300w, https:\/\/saboribericofuengirola.es\/wp-content\/uploads\/2023\/07\/PALETA-DE-BELLOTA-IBERICA-DON-JOSE-ANTONIO-150x150.png 150w, https:\/\/saboribericofuengirola.es\/wp-content\/uploads\/2023\/07\/PALETA-DE-BELLOTA-IBERICA-DON-JOSE-ANTONIO-80x80.png 80w, https:\/\/saboribericofuengirola.es\/wp-content\/uploads\/2023\/07\/PALETA-DE-BELLOTA-IBERICA-DON-JOSE-ANTONIO-100x100.png 100w, https:\/\/saboribericofuengirola.es\/wp-content\/uploads\/2023\/07\/PALETA-DE-BELLOTA-IBERICA-DON-JOSE-ANTONIO-1536x1536.png 1536w, https:\/\/saboribericofuengirola.es\/wp-content\/uploads\/2023\/07\/PALETA-DE-BELLOTA-IBERICA-DON-JOSE-ANTONIO-2048x2048.png 2048w, https:\/\/saboribericofuengirola.es\/wp-content\/uploads\/2023\/07\/PALETA-DE-BELLOTA-IBERICA-DON-JOSE-ANTONIO-600x600.png 600w, https:\/\/saboribericofuengirola.es\/wp-content\/uploads\/2023\/07\/PALETA-DE-BELLOTA-IBERICA-DON-JOSE-ANTONIO-768x768.png 768w, https:\/\/saboribericofuengirola.es\/wp-content\/uploads\/2023\/07\/PALETA-DE-BELLOTA-IBERICA-DON-JOSE-ANTONIO-1024x1024.png 1024w\" sizes=\"auto, (max-width: 300px) 100vw, 300px\" \/><\/div>\t\t<\/a>\n\t<\/div><!-- .product-thumbnail-inner -->\n\t\t<div class=\"product-actions\">\n\t\t<div class=\"product-actions-inner\">\n\t\t\t\t<\/div>\n\t<\/div>\n\t\t<\/div><!-- .product-thumbnail -->\n\t\t<div class=\"product-info\">\n\t\t\t<span class=\"ciyashop-product-category\">\n\t\t\t<a href=\"https:\/\/saboribericofuengirola.es\/?product_cat=paletas\">\n\t\t\t\tPaletas\t\t\t<\/a>\n\t\t<\/span><!-- .product-category-name-->\n\t\t<div class=\"woocommerce-product-details__short-description\">\n\t<p><span style=\"font-family: Poppins, sans-serif;font-size: 14px\" data-mce-style=\"font-family: Poppins, sans-serif; font-size: 14px;\">Paletilla de bellota raza 50% raza\u00a0 ib\u00e9rica. <\/span><span style=\"font-family: Poppins, sans-serif;font-size: 14px\" data-mce-style=\"font-family: Poppins, sans-serif; font-size: 14px;\">Seleccionados uno a uno con mucho cuidado nuestros jamones y paletillas Sabor Ib\u00e9rico con mas de 24<\/span><span style=\"font-family: Poppins, sans-serif;font-size: 14px\" data-mce-style=\"font-family: Poppins, sans-serif; font-size: 14px;\"> meses de curaci\u00f3n. Procedentes de Guijuelo, Salamanca.<\/span><\/p>\n<\/div>\n\t<\/div><!-- .product-info -->\n\t\t<\/div><!-- .product-inner -->\n\t<\/li>\n\n\t\t\t\n\t\t\t\t\n\t\t\t\t<li class=\"product-hover-style-image-bottom product-hover-button-shape-square product-hover-button-style-flat product_title_type-single_line product_icon_type-line-icon product type-product post-317 status-publish first instock product_cat-paletas product_cat-productos-ibericos has-post-thumbnail taxable shipping-taxable purchasable product-type-simple\">\n\t\t<div class=\"product-inner\">\n\t\t<div class=\"product-thumbnail\">\n\t\t<div class=\"product-thumbnail-inner\">\n\t\t<a href=\"https:\/\/saboribericofuengirola.es\/?product=paletilla-iberica-de-bellota-100-raza-iberica\" rel=\"bookmark\">\n\t\t\t<div class=\"product-thumbnail-main\">\n\t\t\t<img loading=\"lazy\" decoding=\"async\" width=\"300\" height=\"300\" src=\"https:\/\/saboribericofuengirola.es\/wp-content\/uploads\/2021\/08\/VXZJ25821-300x300.jpg\" class=\"attachment-woocommerce_thumbnail size-woocommerce_thumbnail\" alt=\"Paletilla de bellota 100% ib\u00e9rica\" srcset=\"https:\/\/saboribericofuengirola.es\/wp-content\/uploads\/2021\/08\/VXZJ25821-300x300.jpg 300w, https:\/\/saboribericofuengirola.es\/wp-content\/uploads\/2021\/08\/VXZJ25821-150x150.jpg 150w, https:\/\/saboribericofuengirola.es\/wp-content\/uploads\/2021\/08\/VXZJ25821-80x80.jpg 80w, https:\/\/saboribericofuengirola.es\/wp-content\/uploads\/2021\/08\/VXZJ25821-100x100.jpg 100w, https:\/\/saboribericofuengirola.es\/wp-content\/uploads\/2021\/08\/VXZJ25821-1536x1536.jpg 1536w, https:\/\/saboribericofuengirola.es\/wp-content\/uploads\/2021\/08\/VXZJ25821-2048x2048.jpg 2048w\" sizes=\"auto, (max-width: 300px) 100vw, 300px\" \/>\t\t<\/div>\n\t\t<div class=\"product-thumbnail-swap\"><img loading=\"lazy\" decoding=\"async\" width=\"300\" height=\"300\" src=\"https:\/\/saboribericofuengirola.es\/wp-content\/uploads\/2023\/07\/PALETA-DE-BELLOTA-IBERICA-DON-JOSE-ANTONIO-300x300.png\" class=\"attachment-woocommerce_thumbnail size-woocommerce_thumbnail\" alt=\"\" srcset=\"https:\/\/saboribericofuengirola.es\/wp-content\/uploads\/2023\/07\/PALETA-DE-BELLOTA-IBERICA-DON-JOSE-ANTONIO-300x300.png 300w, https:\/\/saboribericofuengirola.es\/wp-content\/uploads\/2023\/07\/PALETA-DE-BELLOTA-IBERICA-DON-JOSE-ANTONIO-150x150.png 150w, https:\/\/saboribericofuengirola.es\/wp-content\/uploads\/2023\/07\/PALETA-DE-BELLOTA-IBERICA-DON-JOSE-ANTONIO-80x80.png 80w, https:\/\/saboribericofuengirola.es\/wp-content\/uploads\/2023\/07\/PALETA-DE-BELLOTA-IBERICA-DON-JOSE-ANTONIO-100x100.png 100w, https:\/\/saboribericofuengirola.es\/wp-content\/uploads\/2023\/07\/PALETA-DE-BELLOTA-IBERICA-DON-JOSE-ANTONIO-1536x1536.png 1536w, https:\/\/saboribericofuengirola.es\/wp-content\/uploads\/2023\/07\/PALETA-DE-BELLOTA-IBERICA-DON-JOSE-ANTONIO-2048x2048.png 2048w, https:\/\/saboribericofuengirola.es\/wp-content\/uploads\/2023\/07\/PALETA-DE-BELLOTA-IBERICA-DON-JOSE-ANTONIO-600x600.png 600w, https:\/\/saboribericofuengirola.es\/wp-content\/uploads\/2023\/07\/PALETA-DE-BELLOTA-IBERICA-DON-JOSE-ANTONIO-768x768.png 768w, https:\/\/saboribericofuengirola.es\/wp-content\/uploads\/2023\/07\/PALETA-DE-BELLOTA-IBERICA-DON-JOSE-ANTONIO-1024x1024.png 1024w\" sizes=\"auto, (max-width: 300px) 100vw, 300px\" \/><\/div>\t\t<\/a>\n\t<\/div><!-- .product-thumbnail-inner -->\n\t\t<div class=\"product-actions\">\n\t\t<div class=\"product-actions-inner\">\n\t\t\t\t<\/div>\n\t<\/div>\n\t\t<\/div><!-- .product-thumbnail -->\n\t\t<div class=\"product-info\">\n\t\t\t<span class=\"ciyashop-product-category\">\n\t\t\t<a href=\"https:\/\/saboribericofuengirola.es\/?product_cat=paletas\">\n\t\t\t\tPaletas\t\t\t<\/a>\n\t\t<\/span><!-- .product-category-name-->\n\t\t<div class=\"woocommerce-product-details__short-description\">\n\t<p><span style=\"font-family: Poppins, sans-serif;font-size: 14px\" data-mce-style=\"font-family: Poppins, sans-serif; font-size: 14px;\">Paletilla\u00a0 de bellota 100% ib\u00e9rica. <\/span><span style=\"font-family: Poppins, sans-serif;font-size: 14px\" data-mce-style=\"font-family: Poppins, sans-serif; font-size: 14px;\">Seleccionados uno a uno con mucho cuidado nuestros jamones y paletillas Sabor Ib\u00e9rico con mas de 24 meses de curaci\u00f3n. Procedentes de Guijuelo, Salamanca.<\/span><\/p>\n<\/div>\n\t<\/div><!-- .product-info -->\n\t\t<\/div><!-- .product-inner -->\n\t<\/li>\n\n\t\t\t\n\t\t\t\t\n\t\t\t\t<li class=\"product-hover-style-image-bottom product-hover-button-shape-square product-hover-button-style-flat product_title_type-single_line product_icon_type-line-icon product type-product post-315 status-publish instock product_cat-jamones product_cat-productos-ibericos has-post-thumbnail taxable shipping-taxable purchasable product-type-simple\">\n\t\t<div class=\"product-inner\">\n\t\t<div class=\"product-thumbnail\">\n\t\t<div class=\"product-thumbnail-inner\">\n\t\t<a href=\"https:\/\/saboribericofuengirola.es\/?product=jamon-iberico-de-cebo-50-raza-iberica-3\" rel=\"bookmark\">\n\t\t\t<div class=\"product-thumbnail-main\">\n\t\t\t<img loading=\"lazy\" decoding=\"async\" width=\"300\" height=\"300\" src=\"https:\/\/saboribericofuengirola.es\/wp-content\/uploads\/2021\/08\/IMG_75341-300x300.jpg\" class=\"attachment-woocommerce_thumbnail size-woocommerce_thumbnail\" alt=\"Jam\u00f3n de cebo ib\u00e9rico 50% raza ib\u00e9rico.\" srcset=\"https:\/\/saboribericofuengirola.es\/wp-content\/uploads\/2021\/08\/IMG_75341-300x300.jpg 300w, https:\/\/saboribericofuengirola.es\/wp-content\/uploads\/2021\/08\/IMG_75341-150x150.jpg 150w, https:\/\/saboribericofuengirola.es\/wp-content\/uploads\/2021\/08\/IMG_75341-80x80.jpg 80w, https:\/\/saboribericofuengirola.es\/wp-content\/uploads\/2021\/08\/IMG_75341-100x100.jpg 100w, https:\/\/saboribericofuengirola.es\/wp-content\/uploads\/2021\/08\/IMG_75341-1536x1536.jpg 1536w, https:\/\/saboribericofuengirola.es\/wp-content\/uploads\/2021\/08\/IMG_75341-2048x2048.jpg 2048w, https:\/\/saboribericofuengirola.es\/wp-content\/uploads\/2021\/08\/IMG_75341-1024x1024.jpg 1024w\" sizes=\"auto, (max-width: 300px) 100vw, 300px\" \/>\t\t<\/div>\n\t\t<div class=\"product-thumbnail-swap\"><img loading=\"lazy\" decoding=\"async\" width=\"300\" height=\"300\" src=\"https:\/\/saboribericofuengirola.es\/wp-content\/uploads\/2021\/08\/JGCJ34411-300x300.jpg\" class=\"attachment-woocommerce_thumbnail size-woocommerce_thumbnail\" alt=\"\" srcset=\"https:\/\/saboribericofuengirola.es\/wp-content\/uploads\/2021\/08\/JGCJ34411-300x300.jpg 300w, https:\/\/saboribericofuengirola.es\/wp-content\/uploads\/2021\/08\/JGCJ34411-150x150.jpg 150w, https:\/\/saboribericofuengirola.es\/wp-content\/uploads\/2021\/08\/JGCJ34411-80x80.jpg 80w, https:\/\/saboribericofuengirola.es\/wp-content\/uploads\/2021\/08\/JGCJ34411-100x100.jpg 100w, https:\/\/saboribericofuengirola.es\/wp-content\/uploads\/2021\/08\/JGCJ34411-1536x1536.jpg 1536w, https:\/\/saboribericofuengirola.es\/wp-content\/uploads\/2021\/08\/JGCJ34411-2048x2048.jpg 2048w\" sizes=\"auto, (max-width: 300px) 100vw, 300px\" \/><\/div>\t\t<\/a>\n\t<\/div><!-- .product-thumbnail-inner -->\n\t\t<div class=\"product-actions\">\n\t\t<div class=\"product-actions-inner\">\n\t\t\t\t<\/div>\n\t<\/div>\n\t\t<\/div><!-- .product-thumbnail -->\n\t\t<div class=\"product-info\">\n\t\t\t<span class=\"ciyashop-product-category\">\n\t\t\t<a href=\"https:\/\/saboribericofuengirola.es\/?product_cat=jamones\">\n\t\t\t\tJamones\t\t\t<\/a>\n\t\t<\/span><!-- .product-category-name-->\n\t\t<div class=\"woocommerce-product-details__short-description\">\n\t<p><span style=\"color: #969696;font-family: Poppins, sans-serif;font-size: 14px\" data-mce-style=\"color: #969696; font-family: Poppins, sans-serif; font-size: 14px;\">Jam\u00f3n de cebo ib\u00e9rico 50% raza ib\u00e9rico. Seleccionados uno a uno con mucho cuidado nuestros jamones ib\u00e9ricos Sabor Ib\u00e9rico con mas de 30 meses de curaci\u00f3n. Procedentes de Salamanca y Huelva.<\/span><\/p>\n<\/div>\n\t<\/div><!-- .product-info -->\n\t\t<\/div><!-- .product-inner -->\n\t<\/li>\n\n\t\t\t\n\t\t\t\t\n\t\t\t\t<li class=\"product-hover-style-image-bottom product-hover-button-shape-square product-hover-button-style-flat product_title_type-single_line product_icon_type-line-icon product type-product post-312 status-publish last instock product_cat-jamones product_cat-productos-ibericos has-post-thumbnail taxable shipping-taxable purchasable product-type-simple\">\n\t\t<div class=\"product-inner\">\n\t\t<div class=\"product-thumbnail\">\n\t\t<div class=\"product-thumbnail-inner\">\n\t\t<a href=\"https:\/\/saboribericofuengirola.es\/?product=jamon-iberico-de-cebo-de-campo-50-raza-iberica\" rel=\"bookmark\">\n\t\t\t<div class=\"product-thumbnail-main\">\n\t\t\t<img loading=\"lazy\" decoding=\"async\" width=\"300\" height=\"300\" src=\"https:\/\/saboribericofuengirola.es\/wp-content\/uploads\/2021\/08\/IMG_75361-300x300.jpg\" class=\"attachment-woocommerce_thumbnail size-woocommerce_thumbnail\" alt=\"Jam\u00f3n cebo de campo ib\u00e9rico 50% raza ib\u00e9rico.\" srcset=\"https:\/\/saboribericofuengirola.es\/wp-content\/uploads\/2021\/08\/IMG_75361-300x300.jpg 300w, https:\/\/saboribericofuengirola.es\/wp-content\/uploads\/2021\/08\/IMG_75361-150x150.jpg 150w, https:\/\/saboribericofuengirola.es\/wp-content\/uploads\/2021\/08\/IMG_75361-80x80.jpg 80w, https:\/\/saboribericofuengirola.es\/wp-content\/uploads\/2021\/08\/IMG_75361-100x100.jpg 100w, https:\/\/saboribericofuengirola.es\/wp-content\/uploads\/2021\/08\/IMG_75361-1536x1536.jpg 1536w, https:\/\/saboribericofuengirola.es\/wp-content\/uploads\/2021\/08\/IMG_75361-2048x2048.jpg 2048w, https:\/\/saboribericofuengirola.es\/wp-content\/uploads\/2021\/08\/IMG_75361-1024x1024.jpg 1024w\" sizes=\"auto, (max-width: 300px) 100vw, 300px\" \/>\t\t<\/div>\n\t\t<div class=\"product-thumbnail-swap\"><img loading=\"lazy\" decoding=\"async\" width=\"300\" height=\"300\" src=\"https:\/\/saboribericofuengirola.es\/wp-content\/uploads\/2023\/07\/JAMON-CEBO-CAMPO-DON-JOSE-ANTONIO-300x300.png\" class=\"attachment-woocommerce_thumbnail size-woocommerce_thumbnail\" alt=\"\" srcset=\"https:\/\/saboribericofuengirola.es\/wp-content\/uploads\/2023\/07\/JAMON-CEBO-CAMPO-DON-JOSE-ANTONIO-300x300.png 300w, https:\/\/saboribericofuengirola.es\/wp-content\/uploads\/2023\/07\/JAMON-CEBO-CAMPO-DON-JOSE-ANTONIO-150x150.png 150w, https:\/\/saboribericofuengirola.es\/wp-content\/uploads\/2023\/07\/JAMON-CEBO-CAMPO-DON-JOSE-ANTONIO-80x80.png 80w, https:\/\/saboribericofuengirola.es\/wp-content\/uploads\/2023\/07\/JAMON-CEBO-CAMPO-DON-JOSE-ANTONIO-100x100.png 100w, https:\/\/saboribericofuengirola.es\/wp-content\/uploads\/2023\/07\/JAMON-CEBO-CAMPO-DON-JOSE-ANTONIO-1536x1536.png 1536w, https:\/\/saboribericofuengirola.es\/wp-content\/uploads\/2023\/07\/JAMON-CEBO-CAMPO-DON-JOSE-ANTONIO-2048x2048.png 2048w, https:\/\/saboribericofuengirola.es\/wp-content\/uploads\/2023\/07\/JAMON-CEBO-CAMPO-DON-JOSE-ANTONIO-600x600.png 600w, https:\/\/saboribericofuengirola.es\/wp-content\/uploads\/2023\/07\/JAMON-CEBO-CAMPO-DON-JOSE-ANTONIO-768x768.png 768w, https:\/\/saboribericofuengirola.es\/wp-content\/uploads\/2023\/07\/JAMON-CEBO-CAMPO-DON-JOSE-ANTONIO-1024x1024.png 1024w\" sizes=\"auto, (max-width: 300px) 100vw, 300px\" \/><\/div>\t\t<\/a>\n\t<\/div><!-- .product-thumbnail-inner -->\n\t\t<div class=\"product-actions\">\n\t\t<div class=\"product-actions-inner\">\n\t\t\t\t<\/div>\n\t<\/div>\n\t\t<\/div><!-- .product-thumbnail -->\n\t\t<div class=\"product-info\">\n\t\t\t<span class=\"ciyashop-product-category\">\n\t\t\t<a href=\"https:\/\/saboribericofuengirola.es\/?product_cat=jamones\">\n\t\t\t\tJamones\t\t\t<\/a>\n\t\t<\/span><!-- .product-category-name-->\n\t\t<div class=\"woocommerce-product-details__short-description\">\n\t<p><span style=\"font-family: Poppins, sans-serif;font-size: 14px\" data-mce-style=\"font-family: Poppins, sans-serif; font-size: 14px;\">Jam\u00f3n de cebo de campo ib\u00e9rico 50% raza ib\u00e9rico.<\/span><span style=\"font-family: Poppins, sans-serif;font-size: 14px\" data-mce-style=\"font-family: Poppins, sans-serif; font-size: 14px;\"> Seleccionados uno a uno con mucho cuidado nuestros jamones ib\u00e9ricos Sabor Ib\u00e9rico con mas de 36 meses de curaci\u00f3n. Procedentes de Salamanca.<\/span><\/p>\n<\/div>\n\t<\/div><!-- .product-info -->\n\t\t<\/div><!-- .product-inner -->\n\t<\/li>\n\n\t\t\t\n\t\t\t\t\n\t\t\t\t<li class=\"product-hover-style-image-bottom product-hover-button-shape-square product-hover-button-style-flat product_title_type-single_line product_icon_type-line-icon product type-product post-310 status-publish first instock product_cat-jamones product_cat-productos-ibericos has-post-thumbnail taxable shipping-taxable purchasable product-type-simple\">\n\t\t<div class=\"product-inner\">\n\t\t<div class=\"product-thumbnail\">\n\t\t<div class=\"product-thumbnail-inner\">\n\t\t<a href=\"https:\/\/saboribericofuengirola.es\/?product=jamon-iberico-de-bellota-50-raza-iberica-2\" rel=\"bookmark\">\n\t\t\t<div class=\"product-thumbnail-main\">\n\t\t\t<img loading=\"lazy\" decoding=\"async\" width=\"300\" height=\"300\" src=\"https:\/\/saboribericofuengirola.es\/wp-content\/uploads\/2021\/08\/IMG_75351-300x300.jpg\" class=\"attachment-woocommerce_thumbnail size-woocommerce_thumbnail\" alt=\"Jam\u00f3n de Bellota ib\u00e9rico 50% raza Ib\u00e9rico\" srcset=\"https:\/\/saboribericofuengirola.es\/wp-content\/uploads\/2021\/08\/IMG_75351-300x300.jpg 300w, https:\/\/saboribericofuengirola.es\/wp-content\/uploads\/2021\/08\/IMG_75351-150x150.jpg 150w, https:\/\/saboribericofuengirola.es\/wp-content\/uploads\/2021\/08\/IMG_75351-80x80.jpg 80w, https:\/\/saboribericofuengirola.es\/wp-content\/uploads\/2021\/08\/IMG_75351-100x100.jpg 100w, https:\/\/saboribericofuengirola.es\/wp-content\/uploads\/2021\/08\/IMG_75351-1536x1536.jpg 1536w, https:\/\/saboribericofuengirola.es\/wp-content\/uploads\/2021\/08\/IMG_75351-2048x2048.jpg 2048w, https:\/\/saboribericofuengirola.es\/wp-content\/uploads\/2021\/08\/IMG_75351-1024x1024.jpg 1024w\" sizes=\"auto, (max-width: 300px) 100vw, 300px\" \/>\t\t<\/div>\n\t\t<div class=\"product-thumbnail-swap\"><img loading=\"lazy\" decoding=\"async\" width=\"300\" height=\"300\" src=\"https:\/\/saboribericofuengirola.es\/wp-content\/uploads\/2023\/07\/JAMON-BELLOTA-IBERICO-DON-JOSE-ANTONIO-200x300-1-300x300.png\" class=\"attachment-woocommerce_thumbnail size-woocommerce_thumbnail\" alt=\"\" srcset=\"https:\/\/saboribericofuengirola.es\/wp-content\/uploads\/2023\/07\/JAMON-BELLOTA-IBERICO-DON-JOSE-ANTONIO-200x300-1-300x300.png 300w, https:\/\/saboribericofuengirola.es\/wp-content\/uploads\/2023\/07\/JAMON-BELLOTA-IBERICO-DON-JOSE-ANTONIO-200x300-1-150x150.png 150w, https:\/\/saboribericofuengirola.es\/wp-content\/uploads\/2023\/07\/JAMON-BELLOTA-IBERICO-DON-JOSE-ANTONIO-200x300-1-80x80.png 80w, https:\/\/saboribericofuengirola.es\/wp-content\/uploads\/2023\/07\/JAMON-BELLOTA-IBERICO-DON-JOSE-ANTONIO-200x300-1-100x100.png 100w, https:\/\/saboribericofuengirola.es\/wp-content\/uploads\/2023\/07\/JAMON-BELLOTA-IBERICO-DON-JOSE-ANTONIO-200x300-1-1536x1536.png 1536w, https:\/\/saboribericofuengirola.es\/wp-content\/uploads\/2023\/07\/JAMON-BELLOTA-IBERICO-DON-JOSE-ANTONIO-200x300-1-2048x2048.png 2048w, https:\/\/saboribericofuengirola.es\/wp-content\/uploads\/2023\/07\/JAMON-BELLOTA-IBERICO-DON-JOSE-ANTONIO-200x300-1-600x600.png 600w, https:\/\/saboribericofuengirola.es\/wp-content\/uploads\/2023\/07\/JAMON-BELLOTA-IBERICO-DON-JOSE-ANTONIO-200x300-1-768x768.png 768w, https:\/\/saboribericofuengirola.es\/wp-content\/uploads\/2023\/07\/JAMON-BELLOTA-IBERICO-DON-JOSE-ANTONIO-200x300-1-1024x1024.png 1024w\" sizes=\"auto, (max-width: 300px) 100vw, 300px\" \/><\/div>\t\t<\/a>\n\t<\/div><!-- .product-thumbnail-inner -->\n\t\t<div class=\"product-actions\">\n\t\t<div class=\"product-actions-inner\">\n\t\t\t\t<\/div>\n\t<\/div>\n\t\t<\/div><!-- .product-thumbnail -->\n\t\t<div class=\"product-info\">\n\t\t\t<span class=\"ciyashop-product-category\">\n\t\t\t<a href=\"https:\/\/saboribericofuengirola.es\/?product_cat=jamones\">\n\t\t\t\tJamones\t\t\t<\/a>\n\t\t<\/span><!-- .product-category-name-->\n\t\t<div class=\"woocommerce-product-details__short-description\">\n\t<p style=\"text-align: center\" data-mce-style=\"text-align: center;\"><span style=\"font-family: Poppins, sans-serif;font-size: 14px\" data-mce-style=\"font-family: Poppins, sans-serif; font-size: 14px;\">Jam\u00f3n de Bellota ib\u00e9rico 50% raza ib\u00e9rico. <\/span><span style=\"font-family: Poppins, sans-serif;font-size: 14px\" data-mce-style=\"font-family: Poppins, sans-serif; font-size: 14px;\">Seleccionados uno a uno con mucho cuidado nuestros jamones ib\u00e9ricos Sabor Ib\u00e9rico con mas de 42 meses de curaci\u00f3n. Procedentes de Guijuelo, Salamanca.<\/span><\/p>\n<\/div>\n\t<\/div><!-- .product-info -->\n\t\t<\/div><!-- .product-inner -->\n\t<\/li>\n\n\t\t\t\n\t\t\t\t\n\t\t\t\t<li class=\"product-hover-style-image-bottom product-hover-button-shape-square product-hover-button-style-flat product_title_type-single_line product_icon_type-line-icon product type-product post-308 status-publish instock product_cat-jamones product_cat-productos-ibericos has-post-thumbnail taxable shipping-taxable purchasable product-type-simple\">\n\t\t<div class=\"product-inner\">\n\t\t<div class=\"product-thumbnail\">\n\t\t<div class=\"product-thumbnail-inner\">\n\t\t<a href=\"https:\/\/saboribericofuengirola.es\/?product=jamon-iberico-de-bellota-100-raza-iberica\" rel=\"bookmark\">\n\t\t\t<div class=\"product-thumbnail-main\">\n\t\t\t<img loading=\"lazy\" decoding=\"async\" width=\"300\" height=\"300\" src=\"https:\/\/saboribericofuengirola.es\/wp-content\/uploads\/2021\/08\/IMG_75331-300x300.png\" class=\"attachment-woocommerce_thumbnail size-woocommerce_thumbnail\" alt=\"Jam\u00f3n de Bellota 75% raza ib\u00e9rico.\" srcset=\"https:\/\/saboribericofuengirola.es\/wp-content\/uploads\/2021\/08\/IMG_75331-300x300.png 300w, https:\/\/saboribericofuengirola.es\/wp-content\/uploads\/2021\/08\/IMG_75331-150x150.png 150w, https:\/\/saboribericofuengirola.es\/wp-content\/uploads\/2021\/08\/IMG_75331-80x80.png 80w, https:\/\/saboribericofuengirola.es\/wp-content\/uploads\/2021\/08\/IMG_75331-100x100.png 100w, https:\/\/saboribericofuengirola.es\/wp-content\/uploads\/2021\/08\/IMG_75331-1536x1536.png 1536w, https:\/\/saboribericofuengirola.es\/wp-content\/uploads\/2021\/08\/IMG_75331-2048x2048.png 2048w, https:\/\/saboribericofuengirola.es\/wp-content\/uploads\/2021\/08\/IMG_75331-1024x1024.png 1024w\" sizes=\"auto, (max-width: 300px) 100vw, 300px\" \/>\t\t<\/div>\n\t\t<div class=\"product-thumbnail-swap\"><img loading=\"lazy\" decoding=\"async\" width=\"300\" height=\"300\" src=\"https:\/\/saboribericofuengirola.es\/wp-content\/uploads\/2023\/07\/JAMON-BELLOTA-GRAN-RESERVA-DON-JOSE-ANTONIO-300x300.png\" class=\"attachment-woocommerce_thumbnail size-woocommerce_thumbnail\" alt=\"\" srcset=\"https:\/\/saboribericofuengirola.es\/wp-content\/uploads\/2023\/07\/JAMON-BELLOTA-GRAN-RESERVA-DON-JOSE-ANTONIO-300x300.png 300w, https:\/\/saboribericofuengirola.es\/wp-content\/uploads\/2023\/07\/JAMON-BELLOTA-GRAN-RESERVA-DON-JOSE-ANTONIO-150x150.png 150w, https:\/\/saboribericofuengirola.es\/wp-content\/uploads\/2023\/07\/JAMON-BELLOTA-GRAN-RESERVA-DON-JOSE-ANTONIO-80x80.png 80w, https:\/\/saboribericofuengirola.es\/wp-content\/uploads\/2023\/07\/JAMON-BELLOTA-GRAN-RESERVA-DON-JOSE-ANTONIO-100x100.png 100w, https:\/\/saboribericofuengirola.es\/wp-content\/uploads\/2023\/07\/JAMON-BELLOTA-GRAN-RESERVA-DON-JOSE-ANTONIO-1536x1536.png 1536w, https:\/\/saboribericofuengirola.es\/wp-content\/uploads\/2023\/07\/JAMON-BELLOTA-GRAN-RESERVA-DON-JOSE-ANTONIO-2048x2048.png 2048w, https:\/\/saboribericofuengirola.es\/wp-content\/uploads\/2023\/07\/JAMON-BELLOTA-GRAN-RESERVA-DON-JOSE-ANTONIO-600x600.png 600w, https:\/\/saboribericofuengirola.es\/wp-content\/uploads\/2023\/07\/JAMON-BELLOTA-GRAN-RESERVA-DON-JOSE-ANTONIO-768x768.png 768w, https:\/\/saboribericofuengirola.es\/wp-content\/uploads\/2023\/07\/JAMON-BELLOTA-GRAN-RESERVA-DON-JOSE-ANTONIO-1024x1024.png 1024w\" sizes=\"auto, (max-width: 300px) 100vw, 300px\" \/><\/div>\t\t<\/a>\n\t<\/div><!-- .product-thumbnail-inner -->\n\t\t<div class=\"product-actions\">\n\t\t<div class=\"product-actions-inner\">\n\t\t\t\t<\/div>\n\t<\/div>\n\t\t<\/div><!-- .product-thumbnail -->\n\t\t<div class=\"product-info\">\n\t\t\t<span class=\"ciyashop-product-category\">\n\t\t\t<a href=\"https:\/\/saboribericofuengirola.es\/?product_cat=jamones\">\n\t\t\t\tJamones\t\t\t<\/a>\n\t\t<\/span><!-- .product-category-name-->\n\t\t<div class=\"woocommerce-product-details__short-description\">\n\t<p>Jam\u00f3n de bellota 75% raza ib\u00e9rico. <span style=\"font-family: Poppins, sans-serif;font-size: 14px\" data-mce-style=\"font-family: Poppins, sans-serif; font-size: 14px;\">Seleccionados uno a uno con mucho cuidado nuestros jamones ib\u00e9ricos Sabor Ib\u00e9rico con mas de 48 meses de curaci\u00f3n. Procedentes de Guijuelo, Salamanca.<\/span><\/p>\n<\/div>\n\t<\/div><!-- .product-info -->\n\t\t<\/div><!-- .product-inner -->\n\t<\/li>\n\n\t\t\t\t\t\t\n\t\t\t\n\t\t<\/ul>\n\n\t\t\n\t<\/div>\n\t\t\t\t\t\t\t<\/div>\n\t\t\t\t\t\t<\/div>\n\t\t\t\t\t<\/div>\n\t\t\t\t<\/div>\n\t\t\t<\/div>\n\t\t<\/div>\n\t<\/div>\n<\/div>\n\t<\/div><!-- shortcode-base-wrapper-end -->\n\t[\/vc_column][\/vc_row][vc_row full_width=&#8221;stretch_row_content_no_spaces&#8221; el_id=&#8221;1524556474395-c4ef69b5-dc12&#8243; css=&#8221;.vc_custom_1524568595543{padding-top: 40px !important;}&#8221;][vc_column el_id=&#8221;1620921540861-30de196e-70f3&#8243;][\/vc_column][\/vc_row]<\/p>\n","protected":false},"excerpt":{"rendered":"<p>[vc_row pgscore_enable_responsive_settings=&#8221;true&#8221; el_id=&#8221;1524484134078-b1a31b43-e3e7&#8243; css=&#8221;.vc_custom_1528455277034{padding-bottom: 80px !important;}&#8221; element_css_md=&#8221;.vc_custom_1528455277036{padding-bottom: 60px !important;}&#8221; element_css_sm=&#8221;.vc_custom_1528455277037{padding-bottom: 50px !important;}&#8221; element_css_xs=&#8221;.vc_custom_1528455277039{padding-bottom: 40px !important;}&#8221;][vc_column el_id=&#8221;1620921538589-88363e54-1461&#8243;][rev_slider_vc alias=&#8221;barber-slider&#8221;][\/vc_column][\/vc_row][vc_row equal_height=&#8221;yes&#8221; pgscore_enable_responsive_settings=&#8221;true&#8221; el_id=&#8221;1524548527099-ed0530a0-d913&#8243; css=&#8221;.vc_custom_1528455338792{margin-bottom: 40px !important;}&#8221; element_css_md=&#8221;.vc_custom_1528455338794{margin-bottom: 20px !important;}&#8221; element_css_sm=&#8221;.vc_custom_1528455338795{margin-bottom: 10px !important;}&#8221; element_css_xs=&#8221;.vc_custom_1528455338796{margin-bottom: 0px !important;}&#8221;][vc_column css=&#8221;.vc_custom_1524573776546{margin-bottom: 40px !important;}&#8221; offset=&#8221;vc_col-lg-4 vc_col-md-4&#8243; el_id=&#8221;1620921538679-8bc85307-abfc&#8221;][vc_single_image image=&#8221;164&#8243; img_size=&#8221;full&#8221; alignment=&#8221;center&#8221;][\/vc_column][vc_column css=&#8221;.vc_custom_1524573788854{margin-bottom: 40px !important;}&#8221; offset=&#8221;vc_col-lg-4 vc_col-md-4&#8243; el_id=&#8221;1620921538769-6c447172-dc66&#8243;][vc_custom_heading text=&#8221;Productos Artersanales y Gourmet Ib\u00e9ricos&#8221; font_container=&#8221;tag:h2|text_align:center&#8221; use_theme_fonts=&#8221;yes&#8221; css=&#8221;.vc_custom_1620930403747{margin-bottom: [&hellip;]<\/p>\n","protected":false},"author":1,"featured_media":0,"parent":0,"menu_order":0,"comment_status":"closed","ping_status":"closed","template":"templates\/full-width.php","meta":{"footnotes":""},"class_list":["post-6","page","type-page","status-publish","hentry","product-hover-style-image-bottom","product-hover-button-shape-square","product-hover-button-style-flat","product_title_type-single_line","product_icon_type-line-icon"],"_links":{"self":[{"href":"https:\/\/saboribericofuengirola.es\/index.php?rest_route=\/wp\/v2\/pages\/6","targetHints":{"allow":["GET"]}}],"collection":[{"href":"https:\/\/saboribericofuengirola.es\/index.php?rest_route=\/wp\/v2\/pages"}],"about":[{"href":"https:\/\/saboribericofuengirola.es\/index.php?rest_route=\/wp\/v2\/types\/page"}],"author":[{"embeddable":true,"href":"https:\/\/saboribericofuengirola.es\/index.php?rest_route=\/wp\/v2\/users\/1"}],"replies":[{"embeddable":true,"href":"https:\/\/saboribericofuengirola.es\/index.php?rest_route=%2Fwp%2Fv2%2Fcomments&post=6"}],"version-history":[{"count":15,"href":"https:\/\/saboribericofuengirola.es\/index.php?rest_route=\/wp\/v2\/pages\/6\/revisions"}],"predecessor-version":[{"id":288,"href":"https:\/\/saboribericofuengirola.es\/index.php?rest_route=\/wp\/v2\/pages\/6\/revisions\/288"}],"wp:attachment":[{"href":"https:\/\/saboribericofuengirola.es\/index.php?rest_route=%2Fwp%2Fv2%2Fmedia&parent=6"}],"curies":[{"name":"wp","href":"https:\/\/api.w.org\/{rel}","templated":true}]}}